{"id":779,"date":"2022-12-09T22:04:35","date_gmt":"2022-12-09T22:04:35","guid":{"rendered":"https:\/\/sah.ba\/?page_id=779"},"modified":"2026-04-01T17:30:41","modified_gmt":"2026-04-01T17:30:41","slug":"pocetna","status":"publish","type":"page","link":"https:\/\/sah.ba\/","title":{"rendered":"Po\u010detna"},"content":{"rendered":"\t\t<div data-elementor-type=\"wp-page\" data-elementor-id=\"779\" class=\"elementor elementor-779\">\n\t\t\t\t\t\t<section class=\"elementor-section elementor-top-section elementor-element elementor-element-bb20d04 elementor-section-boxed elementor-section-height-default elementor-section-height-default\" data-id=\"bb20d04\" data-element_type=\"section\">\n\t\t\t\t\t\t<div class=\"elementor-container elementor-column-gap-default\">\n\t\t\t\t\t<div class=\"elementor-column elementor-col-100 elementor-top-column elementor-element elementor-element-4722374\" data-id=\"4722374\" data-element_type=\"column\">\n\t\t\t<div class=\"elementor-widget-wrap elementor-element-populated\">\n\t\t\t\t\t\t<div class=\"elementor-element elementor-element-9f0e500 elementor-widget elementor-widget-heading\" data-id=\"9f0e500\" data-element_type=\"widget\" data-widget_type=\"heading.default\">\n\t\t\t\t<div class=\"elementor-widget-container\">\n\t\t\t\t\t<h2 class=\"elementor-heading-title elementor-size-default\">SPONZORI:<\/h2>\t\t\t\t<\/div>\n\t\t\t\t<\/div>\n\t\t\t\t<div class=\"elementor-element elementor-element-8eb0f5b elementor-arrows-position-inside elementor-pagination-position-outside elementor-widget elementor-widget-image-carousel\" data-id=\"8eb0f5b\" data-element_type=\"widget\" data-settings=\"{&quot;navigation&quot;:&quot;both&quot;,&quot;autoplay&quot;:&quot;yes&quot;,&quot;pause_on_hover&quot;:&quot;yes&quot;,&quot;pause_on_interaction&quot;:&quot;yes&quot;,&quot;autoplay_speed&quot;:5000,&quot;infinite&quot;:&quot;yes&quot;,&quot;speed&quot;:500}\" data-widget_type=\"image-carousel.default\">\n\t\t\t\t<div class=\"elementor-widget-container\">\n\t\t\t\t\t\t\t<div class=\"elementor-image-carousel-wrapper swiper\" role=\"region\" aria-roledescription=\"carousel\" aria-label=\"Vrtuljak slika\" dir=\"ltr\">\n\t\t\t<div class=\"elementor-image-carousel swiper-wrapper swiper-image-stretch\" aria-live=\"off\">\n\t\t\t\t\t\t\t\t<div class=\"swiper-slide\" role=\"group\" aria-roledescription=\"slide\" aria-label=\"1 of 3\"><figure class=\"swiper-slide-inner\"><img decoding=\"async\" class=\"swiper-slide-image\" src=\"https:\/\/sah.ba\/wp-content\/uploads\/2023\/03\/logo300_0c1b02c67af09fddcf27eb4461338186.jpg\" alt=\"logo300_0c1b02c67af09fddcf27eb4461338186\" \/><\/figure><\/div><div class=\"swiper-slide\" role=\"group\" aria-roledescription=\"slide\" aria-label=\"2 of 3\"><figure class=\"swiper-slide-inner\"><img decoding=\"async\" class=\"swiper-slide-image\" src=\"https:\/\/sah.ba\/wp-content\/uploads\/2023\/03\/PETI-ELEMENT-BOJA.png\" alt=\"PETI ELEMENT BOJA\" \/><\/figure><\/div><div class=\"swiper-slide\" role=\"group\" aria-roledescription=\"slide\" aria-label=\"3 of 3\"><figure class=\"swiper-slide-inner\"><img decoding=\"async\" class=\"swiper-slide-image\" src=\"https:\/\/sah.ba\/wp-content\/uploads\/2023\/03\/viber_image_2023-03-07_13-55-00-686-300x188.jpg\" alt=\"viber_image_2023-03-07_13-55-00-686\" \/><\/figure><\/div>\t\t\t<\/div>\n\t\t\t\t\t\t\t\t\t\t\t\t<div class=\"elementor-swiper-button elementor-swiper-button-prev\" role=\"button\" tabindex=\"0\">\n\t\t\t\t\t\t<i aria-hidden=\"true\" class=\"eicon-chevron-left\"><\/i>\t\t\t\t\t<\/div>\n\t\t\t\t\t<div class=\"elementor-swiper-button elementor-swiper-button-next\" role=\"button\" tabindex=\"0\">\n\t\t\t\t\t\t<i aria-hidden=\"true\" class=\"eicon-chevron-right\"><\/i>\t\t\t\t\t<\/div>\n\t\t\t\t\n\t\t\t\t\t\t\t\t\t<div class=\"swiper-pagination\"><\/div>\n\t\t\t\t\t\t\t\t\t<\/div>\n\t\t\t\t\t\t<\/div>\n\t\t\t\t<\/div>\n\t\t\t\t\t<\/div>\n\t\t<\/div>\n\t\t\t\t\t<\/div>\n\t\t<\/section>\n\t\t\t\t<section class=\"elementor-section elementor-top-section elementor-element elementor-element-662df55 elementor-section-boxed elementor-section-height-default elementor-section-height-default\" data-id=\"662df55\" data-element_type=\"section\">\n\t\t\t\t\t\t<div class=\"elementor-container elementor-column-gap-default\">\n\t\t\t\t\t<div class=\"elementor-column elementor-col-100 elementor-top-column elementor-element elementor-element-0d1aaf3\" data-id=\"0d1aaf3\" data-element_type=\"column\">\n\t\t\t<div class=\"elementor-widget-wrap elementor-element-populated\">\n\t\t\t\t\t\t<div class=\"elementor-element elementor-element-bb7001c elementor-widget elementor-widget-button\" data-id=\"bb7001c\" data-element_type=\"widget\" data-widget_type=\"button.default\">\n\t\t\t\t<div class=\"elementor-widget-container\">\n\t\t\t\t\t\t\t\t\t<div class=\"elementor-button-wrapper\">\n\t\t\t\t\t<a class=\"elementor-button elementor-button-link elementor-size-sm\" href=\"https:\/\/sah.ba\/wp-content\/uploads\/2026\/03\/Kalendar-takmicenja-SS-FBiH-2026-1.pdf\">\n\t\t\t\t\t\t<span class=\"elementor-button-content-wrapper\">\n\t\t\t\t\t\t\t\t\t<span class=\"elementor-button-text\">Kalendar takmi\u010denja \u0160SFBiH za 2026. godinu<\/span>\n\t\t\t\t\t<\/span>\n\t\t\t\t\t<\/a>\n\t\t\t\t<\/div>\n\t\t\t\t\t\t\t\t<\/div>\n\t\t\t\t<\/div>\n\t\t\t\t<div class=\"elementor-element elementor-element-6cdb9ef elementor-widget elementor-widget-button\" data-id=\"6cdb9ef\" data-element_type=\"widget\" data-widget_type=\"button.default\">\n\t\t\t\t<div class=\"elementor-widget-container\">\n\t\t\t\t\t\t\t\t\t<div class=\"elementor-button-wrapper\">\n\t\t\t\t\t<a class=\"elementor-button elementor-button-link elementor-size-sm\" href=\"https:\/\/sah.ba\/wp-content\/uploads\/2026\/03\/16.-Registracija-klubova.pdf\">\n\t\t\t\t\t\t<span class=\"elementor-button-content-wrapper\">\n\t\t\t\t\t\t\t\t\t<span class=\"elementor-button-text\">Registracija klubova za 2026. godinu<\/span>\n\t\t\t\t\t<\/span>\n\t\t\t\t\t<\/a>\n\t\t\t\t<\/div>\n\t\t\t\t\t\t\t\t<\/div>\n\t\t\t\t<\/div>\n\t\t\t\t<div class=\"elementor-element elementor-element-7558b09 elementor-widget elementor-widget-button\" data-id=\"7558b09\" data-element_type=\"widget\" data-widget_type=\"button.default\">\n\t\t\t\t<div class=\"elementor-widget-container\">\n\t\t\t\t\t\t\t\t\t<div class=\"elementor-button-wrapper\">\n\t\t\t\t\t<a class=\"elementor-button elementor-button-link elementor-size-sm\" href=\"https:\/\/sah.ba\/wp-content\/uploads\/2023\/04\/73.-Pravilnik-o-uslovima-i-nastupu-takmicara-kotizaciji-i-registraciji-klubova.pdf\">\n\t\t\t\t\t\t<span class=\"elementor-button-content-wrapper\">\n\t\t\t\t\t\t\t\t\t<span class=\"elementor-button-text\">Pravilnik o uslovima i nastupu takmi\u010dara, kotizaciji i registraciji klubova<\/span>\n\t\t\t\t\t<\/span>\n\t\t\t\t\t<\/a>\n\t\t\t\t<\/div>\n\t\t\t\t\t\t\t\t<\/div>\n\t\t\t\t<\/div>\n\t\t\t\t<div class=\"elementor-element elementor-element-651d1c5 elementor-widget elementor-widget-button\" data-id=\"651d1c5\" data-element_type=\"widget\" data-widget_type=\"button.default\">\n\t\t\t\t<div class=\"elementor-widget-container\">\n\t\t\t\t\t\t\t\t\t<div class=\"elementor-button-wrapper\">\n\t\t\t\t\t<a class=\"elementor-button elementor-button-link elementor-size-sm\" href=\"https:\/\/sah.ba\/wp-content\/uploads\/2026\/04\/114.-Izvjestaj-o-placenoj-sudijskoj-taksi-za-2026.-godinu.pdf\">\n\t\t\t\t\t\t<span class=\"elementor-button-content-wrapper\">\n\t\t\t\t\t\t\t\t\t<span class=\"elementor-button-text\">Obavijest o pla\u0107enoj sudijskoj taksi za 2026. godinu<\/span>\n\t\t\t\t\t<\/span>\n\t\t\t\t\t<\/a>\n\t\t\t\t<\/div>\n\t\t\t\t\t\t\t\t<\/div>\n\t\t\t\t<\/div>\n\t\t\t\t<div class=\"elementor-element elementor-element-6066e6b elementor-widget elementor-widget-button\" data-id=\"6066e6b\" data-element_type=\"widget\" data-widget_type=\"button.default\">\n\t\t\t\t<div class=\"elementor-widget-container\">\n\t\t\t\t\t\t\t\t\t<div class=\"elementor-button-wrapper\">\n\t\t\t\t\t<a class=\"elementor-button elementor-button-link elementor-size-sm\" href=\"https:\/\/sah.ba\/wp-content\/uploads\/2026\/04\/111.-Raspis-32.-kadet-junior-SP-FBiH.pdf\">\n\t\t\t\t\t\t<span class=\"elementor-button-content-wrapper\">\n\t\t\t\t\t\t\t\t\t<span class=\"elementor-button-text\">Raspis 32. kadetsko i juniorsko prvenstvo \u0160SFBiH za 2026. godinu<\/span>\n\t\t\t\t\t<\/span>\n\t\t\t\t\t<\/a>\n\t\t\t\t<\/div>\n\t\t\t\t\t\t\t\t<\/div>\n\t\t\t\t<\/div>\n\t\t\t\t<div class=\"elementor-element elementor-element-5dda003 elementor-widget elementor-widget-button\" data-id=\"5dda003\" data-element_type=\"widget\" data-widget_type=\"button.default\">\n\t\t\t\t<div class=\"elementor-widget-container\">\n\t\t\t\t\t\t\t\t\t<div class=\"elementor-button-wrapper\">\n\t\t\t\t\t<a class=\"elementor-button elementor-button-link elementor-size-sm\" href=\"https:\/\/sah.ba\/wp-content\/uploads\/2026\/04\/112.-RASPIS-PRVE-A-LIGE-SS-FBIH-2026.pdf\">\n\t\t\t\t\t\t<span class=\"elementor-button-content-wrapper\">\n\t\t\t\t\t\t\t\t\t<span class=\"elementor-button-text\">Raspis 33. ekipno prvenstvo \u0160SFBiH - Prva \"A\" liga<\/span>\n\t\t\t\t\t<\/span>\n\t\t\t\t\t<\/a>\n\t\t\t\t<\/div>\n\t\t\t\t\t\t\t\t<\/div>\n\t\t\t\t<\/div>\n\t\t\t\t<div class=\"elementor-element elementor-element-a7fffc8 elementor-widget elementor-widget-button\" data-id=\"a7fffc8\" data-element_type=\"widget\" data-widget_type=\"button.default\">\n\t\t\t\t<div class=\"elementor-widget-container\">\n\t\t\t\t\t\t\t\t\t<div class=\"elementor-button-wrapper\">\n\t\t\t\t\t<a class=\"elementor-button elementor-button-link elementor-size-sm\" href=\"https:\/\/sah.ba\/wp-content\/uploads\/2026\/04\/113.-RASPIS-PRVE-B-LIGE-SS-FBIH-2026.pdf\">\n\t\t\t\t\t\t<span class=\"elementor-button-content-wrapper\">\n\t\t\t\t\t\t\t\t\t<span class=\"elementor-button-text\">Raspis 33. ekipno prvenstvo \u0160SFBiH - Prva \"B\" liga<\/span>\n\t\t\t\t\t<\/span>\n\t\t\t\t\t<\/a>\n\t\t\t\t<\/div>\n\t\t\t\t\t\t\t\t<\/div>\n\t\t\t\t<\/div>\n\t\t\t\t<div class=\"elementor-element elementor-element-a0716fb elementor-widget elementor-widget-post-carousel\" data-id=\"a0716fb\" data-element_type=\"widget\" data-widget_type=\"post-carousel.default\">\n\t\t\t\t<div class=\"elementor-widget-container\">\n\t\t\t\t\t<div id=\"wpmagazine-modules-lite-post-carousel-block-a0716fb\" class=\"wpmagazine-modules-lite-post-carousel-block block-a0716fb cvmm-block cvmm-block-post-carousel--layout-default\">    <div class=\"cvmm-post-wrapper cvmm-post-carousel-wrapper cvmm-post--imagemargin\"  data-dots=0 data-loop=1 data-control=1 data-auto=1 data-type=0 data-speed=3500 data-column=4>\r\n                        <article post-id=\"post-5777\" class=\"cvmm-post post-format--standard\" itemscope itemtype=\"http:\/\/schema.org\/articleBody\">\r\n                                                <div class=\"cvmm-post-thumb\">\r\n                                <a href=\"https:\/\/sah.ba\/index.php\/2026\/04\/01\/raspis-33-ekipnog-prvenstva-ss-fbih-za-seniore-prva-a-liga\/\" target=\"_blank\"><img decoding=\"async\" src=\"https:\/\/sah.ba\/wp-content\/uploads\/2023\/04\/SSFBiH-logo-1.png\" alt=\"RASPIS 33. ekipnog prvenstva \u0160S FBiH za seniore &#8211; Prva &#8220;A&#8221; liga\"\/><\/a>\r\n                            <\/div>\r\n                                                <h2 class=\"cvmm-post-title\">\r\n                                <a href=\"https:\/\/sah.ba\/index.php\/2026\/04\/01\/raspis-33-ekipnog-prvenstva-ss-fbih-za-seniore-prva-a-liga\/\" target=\"_blank\">\r\n                                    RASPIS 33. ekipnog prvenstva \u0160S FBiH za seniore &#8211; Prva &#8220;A&#8221; liga                                <\/a>\r\n                            <\/h2>\r\n                    \r\n                    <div class=\"cvmm-post-meta cvmm-meta-icon-show\">\r\n                                            <\/div>\r\n                                    <\/article>\r\n                        <article post-id=\"post-5775\" class=\"cvmm-post post-format--standard\" itemscope itemtype=\"http:\/\/schema.org\/articleBody\">\r\n                                                <div class=\"cvmm-post-thumb\">\r\n                                <a href=\"https:\/\/sah.ba\/index.php\/2026\/04\/01\/raspis-33-ekipnog-prvenstva-ss-fbih-za-seniore-prva-b-liga\/\" target=\"_blank\"><img decoding=\"async\" src=\"https:\/\/sah.ba\/wp-content\/uploads\/2023\/04\/SSFBiH-logo-1.png\" alt=\"RASPIS 33. ekipnog prvenstva \u0160S FBiH za seniore &#8211; Prva &#8220;B&#8221; liga\"\/><\/a>\r\n                            <\/div>\r\n                                                <h2 class=\"cvmm-post-title\">\r\n                                <a href=\"https:\/\/sah.ba\/index.php\/2026\/04\/01\/raspis-33-ekipnog-prvenstva-ss-fbih-za-seniore-prva-b-liga\/\" target=\"_blank\">\r\n                                    RASPIS 33. ekipnog prvenstva \u0160S FBiH za seniore &#8211; Prva &#8220;B&#8221; liga                                <\/a>\r\n                            <\/h2>\r\n                    \r\n                    <div class=\"cvmm-post-meta cvmm-meta-icon-show\">\r\n                                            <\/div>\r\n                                    <\/article>\r\n                        <article post-id=\"post-5773\" class=\"cvmm-post post-format--standard\" itemscope itemtype=\"http:\/\/schema.org\/articleBody\">\r\n                                                <div class=\"cvmm-post-thumb\">\r\n                                <a href=\"https:\/\/sah.ba\/index.php\/2026\/04\/01\/raspis-32-pojedinacnog-otvorenog-kadetskog-i-juniorskog-prvenstva-ss-fbih-za-2026-godinu\/\" target=\"_blank\"><img decoding=\"async\" src=\"https:\/\/sah.ba\/wp-content\/uploads\/2023\/04\/SSFBiH-logo-1.png\" alt=\"RASPIS 32. pojedina\u010dnog otvorenog kadetskog i juniorskog prvenstva \u0160S FBiH za 2026. godinu\"\/><\/a>\r\n                            <\/div>\r\n                                                <h2 class=\"cvmm-post-title\">\r\n                                <a href=\"https:\/\/sah.ba\/index.php\/2026\/04\/01\/raspis-32-pojedinacnog-otvorenog-kadetskog-i-juniorskog-prvenstva-ss-fbih-za-2026-godinu\/\" target=\"_blank\">\r\n                                    RASPIS 32. pojedina\u010dnog otvorenog kadetskog i juniorskog prvenstva \u0160S FBiH za 2026. godinu                                <\/a>\r\n                            <\/h2>\r\n                    \r\n                    <div class=\"cvmm-post-meta cvmm-meta-icon-show\">\r\n                                            <\/div>\r\n                                    <\/article>\r\n            <\/div><\/div><!-- #wpmagazine-modules-lite-post-carousel-block -->\t\t\t\t<\/div>\n\t\t\t\t<\/div>\n\t\t\t\t<div class=\"elementor-element elementor-element-60855bb elementor-widget elementor-widget-post-tiles\" data-id=\"60855bb\" data-element_type=\"widget\" data-widget_type=\"post-tiles.default\">\n\t\t\t\t<div class=\"elementor-widget-container\">\n\t\t\t\t\t        <div id=\"wpmagazine-modules-lite-post-tiles-block-60855bb\" class=\"wpmagazine-modules-lite-post-tiles-block block-60855bb cvmm-block cvmm-block-post-tiles--layout-default\">\r\n            <h2 class=\"cvmm-block-title layout--default\"><span>Raspisi turnira<\/span><\/h2><div class=\"cvmm-post-tiles-block-main-content-wrap\">\r\n    <div class=\"cvmm-post-tiles-slider-post-wrapper cvmm-post-tiles-full-width\"  data-dots=0 data-loop=1 data-control=1 data-auto=1 data-type=0 data-speed=2500 data-item=1>\r\n                        <article post-id=\"post-5791\" class=\"cvmm-post post-format--standard\" itemscope itemtype=\"http:\/\/schema.org\/articleBody\">\r\n                                        <div class=\"cvmm-post-thumb\">\r\n                        <a href=\"https:\/\/sah.ba\/index.php\/2026\/04\/08\/raspis-5-memorijal-pajkic-vojislav-paja\/\" target=\"_blank\" style=\"background: url( https:\/\/sah.ba\/wp-content\/uploads\/2026\/04\/14169.jpg ); background-position: center center; background-size: cover\">\r\n                        <\/a>\r\n                    <\/div>\r\n                    \r\n                    <div class=\"cvmm-post-content-all-wrapper\">\r\n                        <span class=\"cvmm-post-cats-wrap cvmm-post-meta-item\"><span class=\"cvmm-post-cat cvmm-cat-6\"><a href=\"https:\/\/sah.ba\/index.php\/category\/raspisi-turnira\/\" target=\"_blank\">Raspisi turnira<\/a><\/span><\/span>                        <h2 class=\"cvmm-post-title\">\r\n                            <a href=\"https:\/\/sah.ba\/index.php\/2026\/04\/08\/raspis-5-memorijal-pajkic-vojislav-paja\/\" target=\"_blank\">\r\n                                RASPIS 5. memorijal \u201ePajki\u0107 Vojislav \u2013 Paja\u201c                            <\/a>\r\n                        <\/h2>\r\n\r\n                        <div class=\"cvmm-post-meta cvmm-meta-icon-show\">\r\n                            <span class=\"cvmm-post-date cvmm-post-meta-item\" itemprop=\"datePublished\"><a href=\"https:\/\/sah.ba\/index.php\/2026\/04\/08\/raspis-5-memorijal-pajkic-vojislav-paja\/\" target=\"_blank\">8 Aprila, 2026<\/a><\/span><span class=\"cvmm-post-author-name cvmm-post-meta-item\" itemprop=\"author\"><a href=\"https:\/\/sah.ba\/index.php\/author\/ssfbih\/\" target=\"_blank\">admin<\/a><\/span>                        <\/div>\r\n                        <div class=\"cvmm-post-content\" itemprop=\"description\">U \u0161ahovskom kalendaru \u0160ahovskog kluba &#8220;Preporod&#8221; Breza i okoline, sredina&hellip;<\/div><div class=\"cvmm-read-more\"><a href=\"https:\/\/sah.ba\/index.php\/2026\/04\/08\/raspis-5-memorijal-pajkic-vojislav-paja\/\" target=\"_blank\">Pro\u010ditajte vi\u0161e<i class=\"fas fa-arrow-right\"><\/i><\/a><\/div>                    <\/div><!-- .cvmm-post-content-all-wrapper -->\r\n                <\/article>\r\n                        <article post-id=\"post-5777\" class=\"cvmm-post post-format--standard\" itemscope itemtype=\"http:\/\/schema.org\/articleBody\">\r\n                                        <div class=\"cvmm-post-thumb\">\r\n                        <a href=\"https:\/\/sah.ba\/index.php\/2026\/04\/01\/raspis-33-ekipnog-prvenstva-ss-fbih-za-seniore-prva-a-liga\/\" target=\"_blank\" style=\"background: url( https:\/\/sah.ba\/wp-content\/uploads\/2023\/04\/SSFBiH-logo-1.png ); background-position: center center; background-size: cover\">\r\n                        <\/a>\r\n                    <\/div>\r\n                    \r\n                    <div class=\"cvmm-post-content-all-wrapper\">\r\n                        <span class=\"cvmm-post-cats-wrap cvmm-post-meta-item\"><span class=\"cvmm-post-cat cvmm-cat-9\"><a href=\"https:\/\/sah.ba\/index.php\/category\/bitno\/\" target=\"_blank\">bitno<\/a><\/span><span class=\"cvmm-post-cat cvmm-cat-7\"><a href=\"https:\/\/sah.ba\/index.php\/category\/ekipna\/\" target=\"_blank\">Ekipna<\/a><\/span><\/span>                        <h2 class=\"cvmm-post-title\">\r\n                            <a href=\"https:\/\/sah.ba\/index.php\/2026\/04\/01\/raspis-33-ekipnog-prvenstva-ss-fbih-za-seniore-prva-a-liga\/\" target=\"_blank\">\r\n                                RASPIS 33. ekipnog prvenstva \u0160S FBiH za seniore &#8211; Prva &#8220;A&#8221; liga                            <\/a>\r\n                        <\/h2>\r\n\r\n                        <div class=\"cvmm-post-meta cvmm-meta-icon-show\">\r\n                            <span class=\"cvmm-post-date cvmm-post-meta-item\" itemprop=\"datePublished\"><a href=\"https:\/\/sah.ba\/index.php\/2026\/04\/01\/raspis-33-ekipnog-prvenstva-ss-fbih-za-seniore-prva-a-liga\/\" target=\"_blank\">1 Aprila, 2026<\/a><\/span><span class=\"cvmm-post-author-name cvmm-post-meta-item\" itemprop=\"author\"><a href=\"https:\/\/sah.ba\/index.php\/author\/ssfbih\/\" target=\"_blank\">admin<\/a><\/span>                        <\/div>\r\n                        <div class=\"cvmm-post-content\" itemprop=\"description\">1. Ekipno prvenstvo \u0160ahovskog saveza Federacije Bosne i Hercegovine za&hellip;<\/div><div class=\"cvmm-read-more\"><a href=\"https:\/\/sah.ba\/index.php\/2026\/04\/01\/raspis-33-ekipnog-prvenstva-ss-fbih-za-seniore-prva-a-liga\/\" target=\"_blank\">Pro\u010ditajte vi\u0161e<i class=\"fas fa-arrow-right\"><\/i><\/a><\/div>                    <\/div><!-- .cvmm-post-content-all-wrapper -->\r\n                <\/article>\r\n                        <article post-id=\"post-5775\" class=\"cvmm-post post-format--standard\" itemscope itemtype=\"http:\/\/schema.org\/articleBody\">\r\n                                        <div class=\"cvmm-post-thumb\">\r\n                        <a href=\"https:\/\/sah.ba\/index.php\/2026\/04\/01\/raspis-33-ekipnog-prvenstva-ss-fbih-za-seniore-prva-b-liga\/\" target=\"_blank\" style=\"background: url( https:\/\/sah.ba\/wp-content\/uploads\/2023\/04\/SSFBiH-logo-1.png ); background-position: center center; background-size: cover\">\r\n                        <\/a>\r\n                    <\/div>\r\n                    \r\n                    <div class=\"cvmm-post-content-all-wrapper\">\r\n                        <span class=\"cvmm-post-cats-wrap cvmm-post-meta-item\"><span class=\"cvmm-post-cat cvmm-cat-9\"><a href=\"https:\/\/sah.ba\/index.php\/category\/bitno\/\" target=\"_blank\">bitno<\/a><\/span><span class=\"cvmm-post-cat cvmm-cat-7\"><a href=\"https:\/\/sah.ba\/index.php\/category\/ekipna\/\" target=\"_blank\">Ekipna<\/a><\/span><\/span>                        <h2 class=\"cvmm-post-title\">\r\n                            <a href=\"https:\/\/sah.ba\/index.php\/2026\/04\/01\/raspis-33-ekipnog-prvenstva-ss-fbih-za-seniore-prva-b-liga\/\" target=\"_blank\">\r\n                                RASPIS 33. ekipnog prvenstva \u0160S FBiH za seniore &#8211; Prva &#8220;B&#8221; liga                            <\/a>\r\n                        <\/h2>\r\n\r\n                        <div class=\"cvmm-post-meta cvmm-meta-icon-show\">\r\n                            <span class=\"cvmm-post-date cvmm-post-meta-item\" itemprop=\"datePublished\"><a href=\"https:\/\/sah.ba\/index.php\/2026\/04\/01\/raspis-33-ekipnog-prvenstva-ss-fbih-za-seniore-prva-b-liga\/\" target=\"_blank\">1 Aprila, 2026<\/a><\/span><span class=\"cvmm-post-author-name cvmm-post-meta-item\" itemprop=\"author\"><a href=\"https:\/\/sah.ba\/index.php\/author\/ssfbih\/\" target=\"_blank\">admin<\/a><\/span>                        <\/div>\r\n                        <div class=\"cvmm-post-content\" itemprop=\"description\">1. Ekipno prvenstvo \u0160ahovskog saveza Federacije Bosne i Hercegovine za&hellip;<\/div><div class=\"cvmm-read-more\"><a href=\"https:\/\/sah.ba\/index.php\/2026\/04\/01\/raspis-33-ekipnog-prvenstva-ss-fbih-za-seniore-prva-b-liga\/\" target=\"_blank\">Pro\u010ditajte vi\u0161e<i class=\"fas fa-arrow-right\"><\/i><\/a><\/div>                    <\/div><!-- .cvmm-post-content-all-wrapper -->\r\n                <\/article>\r\n                        <article post-id=\"post-5773\" class=\"cvmm-post post-format--standard\" itemscope itemtype=\"http:\/\/schema.org\/articleBody\">\r\n                                        <div class=\"cvmm-post-thumb\">\r\n                        <a href=\"https:\/\/sah.ba\/index.php\/2026\/04\/01\/raspis-32-pojedinacnog-otvorenog-kadetskog-i-juniorskog-prvenstva-ss-fbih-za-2026-godinu\/\" target=\"_blank\" style=\"background: url( https:\/\/sah.ba\/wp-content\/uploads\/2023\/04\/SSFBiH-logo-1.png ); background-position: center center; background-size: cover\">\r\n                        <\/a>\r\n                    <\/div>\r\n                    \r\n                    <div class=\"cvmm-post-content-all-wrapper\">\r\n                        <span class=\"cvmm-post-cats-wrap cvmm-post-meta-item\"><span class=\"cvmm-post-cat cvmm-cat-9\"><a href=\"https:\/\/sah.ba\/index.php\/category\/bitno\/\" target=\"_blank\">bitno<\/a><\/span><span class=\"cvmm-post-cat cvmm-cat-8\"><a href=\"https:\/\/sah.ba\/index.php\/category\/pojedinacna\/\" target=\"_blank\">Pojedina\u010dna<\/a><\/span><\/span>                        <h2 class=\"cvmm-post-title\">\r\n                            <a href=\"https:\/\/sah.ba\/index.php\/2026\/04\/01\/raspis-32-pojedinacnog-otvorenog-kadetskog-i-juniorskog-prvenstva-ss-fbih-za-2026-godinu\/\" target=\"_blank\">\r\n                                RASPIS 32. pojedina\u010dnog otvorenog kadetskog i juniorskog prvenstva \u0160S FBiH za 2026. godinu                            <\/a>\r\n                        <\/h2>\r\n\r\n                        <div class=\"cvmm-post-meta cvmm-meta-icon-show\">\r\n                            <span class=\"cvmm-post-date cvmm-post-meta-item\" itemprop=\"datePublished\"><a href=\"https:\/\/sah.ba\/index.php\/2026\/04\/01\/raspis-32-pojedinacnog-otvorenog-kadetskog-i-juniorskog-prvenstva-ss-fbih-za-2026-godinu\/\" target=\"_blank\">1 Aprila, 2026<\/a><\/span><span class=\"cvmm-post-author-name cvmm-post-meta-item\" itemprop=\"author\"><a href=\"https:\/\/sah.ba\/index.php\/author\/ssfbih\/\" target=\"_blank\">admin<\/a><\/span>                        <\/div>\r\n                        <div class=\"cvmm-post-content\" itemprop=\"description\">XXXII pojedina\u010dno otvoreno kadetsko prvenstvo \u0160SFBiH za 2026.godinu (kategorije do&hellip;<\/div><div class=\"cvmm-read-more\"><a href=\"https:\/\/sah.ba\/index.php\/2026\/04\/01\/raspis-32-pojedinacnog-otvorenog-kadetskog-i-juniorskog-prvenstva-ss-fbih-za-2026-godinu\/\" target=\"_blank\">Pro\u010ditajte vi\u0161e<i class=\"fas fa-arrow-right\"><\/i><\/a><\/div>                    <\/div><!-- .cvmm-post-content-all-wrapper -->\r\n                <\/article>\r\n                        <article post-id=\"post-5764\" class=\"cvmm-post post-format--standard\" itemscope itemtype=\"http:\/\/schema.org\/articleBody\">\r\n                                        <div class=\"cvmm-post-thumb\">\r\n                        <a href=\"https:\/\/sah.ba\/index.php\/2026\/03\/22\/raspis-20-memorijalni-sahovski-turnir-sead-bicevic\/\" target=\"_blank\" style=\"background: url( https:\/\/sah.ba\/wp-content\/uploads\/2023\/01\/chess-4.jpg ); background-position: center center; background-size: cover\">\r\n                        <\/a>\r\n                    <\/div>\r\n                    \r\n                    <div class=\"cvmm-post-content-all-wrapper\">\r\n                        <span class=\"cvmm-post-cats-wrap cvmm-post-meta-item\"><span class=\"cvmm-post-cat cvmm-cat-6\"><a href=\"https:\/\/sah.ba\/index.php\/category\/raspisi-turnira\/\" target=\"_blank\">Raspisi turnira<\/a><\/span><\/span>                        <h2 class=\"cvmm-post-title\">\r\n                            <a href=\"https:\/\/sah.ba\/index.php\/2026\/03\/22\/raspis-20-memorijalni-sahovski-turnir-sead-bicevic\/\" target=\"_blank\">\r\n                                RASPIS 20. MEMORIJALNI \u0160AHOVSKI TURNIR \u201eSEAD BI\u010cEVI\u0106\u201c                            <\/a>\r\n                        <\/h2>\r\n\r\n                        <div class=\"cvmm-post-meta cvmm-meta-icon-show\">\r\n                            <span class=\"cvmm-post-date cvmm-post-meta-item\" itemprop=\"datePublished\"><a href=\"https:\/\/sah.ba\/index.php\/2026\/03\/22\/raspis-20-memorijalni-sahovski-turnir-sead-bicevic\/\" target=\"_blank\">22 Marta, 2026<\/a><\/span><span class=\"cvmm-post-author-name cvmm-post-meta-item\" itemprop=\"author\"><a href=\"https:\/\/sah.ba\/index.php\/author\/ssfbih\/\" target=\"_blank\">admin<\/a><\/span>                        <\/div>\r\n                        <div class=\"cvmm-post-content\" itemprop=\"description\">Organizator: \u0160ahovski klub \u201eGora\u017ede\u201c &#8211; Gora\u017ede Vrijeme: 29. mart 2026.&hellip;<\/div><div class=\"cvmm-read-more\"><a href=\"https:\/\/sah.ba\/index.php\/2026\/03\/22\/raspis-20-memorijalni-sahovski-turnir-sead-bicevic\/\" target=\"_blank\">Pro\u010ditajte vi\u0161e<i class=\"fas fa-arrow-right\"><\/i><\/a><\/div>                    <\/div><!-- .cvmm-post-content-all-wrapper -->\r\n                <\/article>\r\n                        <article post-id=\"post-5758\" class=\"cvmm-post post-format--standard\" itemscope itemtype=\"http:\/\/schema.org\/articleBody\">\r\n                                        <div class=\"cvmm-post-thumb\">\r\n                        <a href=\"https:\/\/sah.ba\/index.php\/2026\/03\/19\/raspis-bajramskog-sahovskog-turnira-u-buzimu-2\/\" target=\"_blank\" style=\"background: url( https:\/\/sah.ba\/wp-content\/uploads\/2023\/01\/chess-4.jpg ); background-position: center center; background-size: cover\">\r\n                        <\/a>\r\n                    <\/div>\r\n                    \r\n                    <div class=\"cvmm-post-content-all-wrapper\">\r\n                        <span class=\"cvmm-post-cats-wrap cvmm-post-meta-item\"><span class=\"cvmm-post-cat cvmm-cat-6\"><a href=\"https:\/\/sah.ba\/index.php\/category\/raspisi-turnira\/\" target=\"_blank\">Raspisi turnira<\/a><\/span><\/span>                        <h2 class=\"cvmm-post-title\">\r\n                            <a href=\"https:\/\/sah.ba\/index.php\/2026\/03\/19\/raspis-bajramskog-sahovskog-turnira-u-buzimu-2\/\" target=\"_blank\">\r\n                                RASPIS BAJRAMSKOG \u0160AHOVSKOG TURNIRA U BU\u017dIMU                            <\/a>\r\n                        <\/h2>\r\n\r\n                        <div class=\"cvmm-post-meta cvmm-meta-icon-show\">\r\n                            <span class=\"cvmm-post-date cvmm-post-meta-item\" itemprop=\"datePublished\"><a href=\"https:\/\/sah.ba\/index.php\/2026\/03\/19\/raspis-bajramskog-sahovskog-turnira-u-buzimu-2\/\" target=\"_blank\">19 Marta, 2026<\/a><\/span><span class=\"cvmm-post-author-name cvmm-post-meta-item\" itemprop=\"author\"><a href=\"https:\/\/sah.ba\/index.php\/author\/ssfbih\/\" target=\"_blank\">admin<\/a><\/span>                        <\/div>\r\n                        <div class=\"cvmm-post-content\" itemprop=\"description\">Datum odr\u017eavanja: 22.03.2026. godine (nedjelja) Organizator: Invalidski \u0161ahovski klub Biser&hellip;<\/div><div class=\"cvmm-read-more\"><a href=\"https:\/\/sah.ba\/index.php\/2026\/03\/19\/raspis-bajramskog-sahovskog-turnira-u-buzimu-2\/\" target=\"_blank\">Pro\u010ditajte vi\u0161e<i class=\"fas fa-arrow-right\"><\/i><\/a><\/div>                    <\/div><!-- .cvmm-post-content-all-wrapper -->\r\n                <\/article>\r\n                        <article post-id=\"post-5749\" class=\"cvmm-post post-format--standard\" itemscope itemtype=\"http:\/\/schema.org\/articleBody\">\r\n                                        <div class=\"cvmm-post-thumb\">\r\n                        <a href=\"https:\/\/sah.ba\/index.php\/2026\/03\/15\/raspis-27-memorijalnog-sahovskog-turnira-kapija\/\" target=\"_blank\" style=\"background: url( https:\/\/sah.ba\/wp-content\/uploads\/2023\/01\/chess-4.jpg ); background-position: center center; background-size: cover\">\r\n                        <\/a>\r\n                    <\/div>\r\n                    \r\n                    <div class=\"cvmm-post-content-all-wrapper\">\r\n                        <span class=\"cvmm-post-cats-wrap cvmm-post-meta-item\"><span class=\"cvmm-post-cat cvmm-cat-6\"><a href=\"https:\/\/sah.ba\/index.php\/category\/raspisi-turnira\/\" target=\"_blank\">Raspisi turnira<\/a><\/span><\/span>                        <h2 class=\"cvmm-post-title\">\r\n                            <a href=\"https:\/\/sah.ba\/index.php\/2026\/03\/15\/raspis-27-memorijalnog-sahovskog-turnira-kapija\/\" target=\"_blank\">\r\n                                Raspis 27. Memorijalnog \u0161ahovskog turnira \u201eKapija\u201c                            <\/a>\r\n                        <\/h2>\r\n\r\n                        <div class=\"cvmm-post-meta cvmm-meta-icon-show\">\r\n                            <span class=\"cvmm-post-date cvmm-post-meta-item\" itemprop=\"datePublished\"><a href=\"https:\/\/sah.ba\/index.php\/2026\/03\/15\/raspis-27-memorijalnog-sahovskog-turnira-kapija\/\" target=\"_blank\">15 Marta, 2026<\/a><\/span><span class=\"cvmm-post-author-name cvmm-post-meta-item\" itemprop=\"author\"><a href=\"https:\/\/sah.ba\/index.php\/author\/ssfbih\/\" target=\"_blank\">admin<\/a><\/span>                        <\/div>\r\n                        <div class=\"cvmm-post-content\" itemprop=\"description\">Organizator:\u00a0\u0160ahovski klub \u201eInzio-Tu\u0161anj\u201c, Tuzla Mjesto i datum odr\u017eavanja: Hotel \u201eMinero\u201c&hellip;<\/div><div class=\"cvmm-read-more\"><a href=\"https:\/\/sah.ba\/index.php\/2026\/03\/15\/raspis-27-memorijalnog-sahovskog-turnira-kapija\/\" target=\"_blank\">Pro\u010ditajte vi\u0161e<i class=\"fas fa-arrow-right\"><\/i><\/a><\/div>                    <\/div><!-- .cvmm-post-content-all-wrapper -->\r\n                <\/article>\r\n                        <article post-id=\"post-5746\" class=\"cvmm-post post-format--standard\" itemscope itemtype=\"http:\/\/schema.org\/articleBody\">\r\n                                        <div class=\"cvmm-post-thumb\">\r\n                        <a href=\"https:\/\/sah.ba\/index.php\/2026\/03\/15\/raspis-tradicionalno-sahovskog-turnira-povodom-bajrama\/\" target=\"_blank\" style=\"background: url( https:\/\/sah.ba\/wp-content\/uploads\/2023\/01\/chess-4.jpg ); background-position: center center; background-size: cover\">\r\n                        <\/a>\r\n                    <\/div>\r\n                    \r\n                    <div class=\"cvmm-post-content-all-wrapper\">\r\n                        <span class=\"cvmm-post-cats-wrap cvmm-post-meta-item\"><span class=\"cvmm-post-cat cvmm-cat-6\"><a href=\"https:\/\/sah.ba\/index.php\/category\/raspisi-turnira\/\" target=\"_blank\">Raspisi turnira<\/a><\/span><\/span>                        <h2 class=\"cvmm-post-title\">\r\n                            <a href=\"https:\/\/sah.ba\/index.php\/2026\/03\/15\/raspis-tradicionalno-sahovskog-turnira-povodom-bajrama\/\" target=\"_blank\">\r\n                                Raspis Tradicionalno \u0161ahovskog turnira povodom Bajrama                            <\/a>\r\n                        <\/h2>\r\n\r\n                        <div class=\"cvmm-post-meta cvmm-meta-icon-show\">\r\n                            <span class=\"cvmm-post-date cvmm-post-meta-item\" itemprop=\"datePublished\"><a href=\"https:\/\/sah.ba\/index.php\/2026\/03\/15\/raspis-tradicionalno-sahovskog-turnira-povodom-bajrama\/\" target=\"_blank\">15 Marta, 2026<\/a><\/span><span class=\"cvmm-post-author-name cvmm-post-meta-item\" itemprop=\"author\"><a href=\"https:\/\/sah.ba\/index.php\/author\/ssfbih\/\" target=\"_blank\">admin<\/a><\/span>                        <\/div>\r\n                        <div class=\"cvmm-post-content\" itemprop=\"description\">Organizator: \u0160ahovski klub \u201e\u010celik\u201c Zenica Vrijeme odr\u017eavanja: 21.03.2026. godine (subota)&hellip;<\/div><div class=\"cvmm-read-more\"><a href=\"https:\/\/sah.ba\/index.php\/2026\/03\/15\/raspis-tradicionalno-sahovskog-turnira-povodom-bajrama\/\" target=\"_blank\">Pro\u010ditajte vi\u0161e<i class=\"fas fa-arrow-right\"><\/i><\/a><\/div>                    <\/div><!-- .cvmm-post-content-all-wrapper -->\r\n                <\/article>\r\n                        <article post-id=\"post-5730\" class=\"cvmm-post post-format--standard\" itemscope itemtype=\"http:\/\/schema.org\/articleBody\">\r\n                                        <div class=\"cvmm-post-thumb\">\r\n                        <a href=\"https:\/\/sah.ba\/index.php\/2026\/03\/10\/raspis-19-kadetsko-i-juniorsko-prvenstvo-sahovskog-saveza-zenicko-dobojskog-kantona-za-2026-godinu\/\" target=\"_blank\" style=\"background: url( https:\/\/sah.ba\/wp-content\/uploads\/2023\/01\/chess-4.jpg ); background-position: center center; background-size: cover\">\r\n                        <\/a>\r\n                    <\/div>\r\n                    \r\n                    <div class=\"cvmm-post-content-all-wrapper\">\r\n                        <span class=\"cvmm-post-cats-wrap cvmm-post-meta-item\"><span class=\"cvmm-post-cat cvmm-cat-6\"><a href=\"https:\/\/sah.ba\/index.php\/category\/raspisi-turnira\/\" target=\"_blank\">Raspisi turnira<\/a><\/span><\/span>                        <h2 class=\"cvmm-post-title\">\r\n                            <a href=\"https:\/\/sah.ba\/index.php\/2026\/03\/10\/raspis-19-kadetsko-i-juniorsko-prvenstvo-sahovskog-saveza-zenicko-dobojskog-kantona-za-2026-godinu\/\" target=\"_blank\">\r\n                                RASPIS 19. kadetsko i juniorsko prvenstvo \u0160ahovskog saveza Zeni\u010dko-dobojskog kantona za 2026. godinu                            <\/a>\r\n                        <\/h2>\r\n\r\n                        <div class=\"cvmm-post-meta cvmm-meta-icon-show\">\r\n                            <span class=\"cvmm-post-date cvmm-post-meta-item\" itemprop=\"datePublished\"><a href=\"https:\/\/sah.ba\/index.php\/2026\/03\/10\/raspis-19-kadetsko-i-juniorsko-prvenstvo-sahovskog-saveza-zenicko-dobojskog-kantona-za-2026-godinu\/\" target=\"_blank\">10 Marta, 2026<\/a><\/span><span class=\"cvmm-post-author-name cvmm-post-meta-item\" itemprop=\"author\"><a href=\"https:\/\/sah.ba\/index.php\/author\/ssfbih\/\" target=\"_blank\">admin<\/a><\/span>                        <\/div>\r\n                        <div class=\"cvmm-post-content\" itemprop=\"description\">19. kadetsko i juniorsko prvenstvo \u0160ahovskog saveza Zeni\u010dko-dobojskog kantona odr\u017eat&hellip;<\/div><div class=\"cvmm-read-more\"><a href=\"https:\/\/sah.ba\/index.php\/2026\/03\/10\/raspis-19-kadetsko-i-juniorsko-prvenstvo-sahovskog-saveza-zenicko-dobojskog-kantona-za-2026-godinu\/\" target=\"_blank\">Pro\u010ditajte vi\u0161e<i class=\"fas fa-arrow-right\"><\/i><\/a><\/div>                    <\/div><!-- .cvmm-post-content-all-wrapper -->\r\n                <\/article>\r\n                        <article post-id=\"post-5727\" class=\"cvmm-post post-format--standard\" itemscope itemtype=\"http:\/\/schema.org\/articleBody\">\r\n                                        <div class=\"cvmm-post-thumb\">\r\n                        <a href=\"https:\/\/sah.ba\/index.php\/2026\/03\/05\/raspis-1-medjunarodni-sahovski-turnir-sarajevska-zima-blitz\/\" target=\"_blank\" style=\"background: url( https:\/\/sah.ba\/wp-content\/uploads\/2023\/01\/chess-4.jpg ); background-position: center center; background-size: cover\">\r\n                        <\/a>\r\n                    <\/div>\r\n                    \r\n                    <div class=\"cvmm-post-content-all-wrapper\">\r\n                        <span class=\"cvmm-post-cats-wrap cvmm-post-meta-item\"><span class=\"cvmm-post-cat cvmm-cat-6\"><a href=\"https:\/\/sah.ba\/index.php\/category\/raspisi-turnira\/\" target=\"_blank\">Raspisi turnira<\/a><\/span><\/span>                        <h2 class=\"cvmm-post-title\">\r\n                            <a href=\"https:\/\/sah.ba\/index.php\/2026\/03\/05\/raspis-1-medjunarodni-sahovski-turnir-sarajevska-zima-blitz\/\" target=\"_blank\">\r\n                                RASPIS 1. me\u0111unarodni \u0161ahovski turnir \u201eSarajevska zima\u201c &#8211; Blitz                            <\/a>\r\n                        <\/h2>\r\n\r\n                        <div class=\"cvmm-post-meta cvmm-meta-icon-show\">\r\n                            <span class=\"cvmm-post-date cvmm-post-meta-item\" itemprop=\"datePublished\"><a href=\"https:\/\/sah.ba\/index.php\/2026\/03\/05\/raspis-1-medjunarodni-sahovski-turnir-sarajevska-zima-blitz\/\" target=\"_blank\">5 Marta, 2026<\/a><\/span><span class=\"cvmm-post-author-name cvmm-post-meta-item\" itemprop=\"author\"><a href=\"https:\/\/sah.ba\/index.php\/author\/ssfbih\/\" target=\"_blank\">admin<\/a><\/span>                        <\/div>\r\n                        <div class=\"cvmm-post-content\" itemprop=\"description\">U okviru manifestacije \u201eSarajevska zima\u201c organizuje se 1. me\u0111unarodni \u0161ahovski&hellip;<\/div><div class=\"cvmm-read-more\"><a href=\"https:\/\/sah.ba\/index.php\/2026\/03\/05\/raspis-1-medjunarodni-sahovski-turnir-sarajevska-zima-blitz\/\" target=\"_blank\">Pro\u010ditajte vi\u0161e<i class=\"fas fa-arrow-right\"><\/i><\/a><\/div>                    <\/div><!-- .cvmm-post-content-all-wrapper -->\r\n                <\/article>\r\n            <\/div><!-- .cvmm-slider-post-wrapper -->\r\n    <\/div><!-- .cvmm-slider-block-main-content-wrap -->        <\/div><!-- #wpmagazine-modules-lite-banner-block -->\r\n    \t\t\t\t<\/div>\n\t\t\t\t<\/div>\n\t\t\t\t\t<\/div>\n\t\t<\/div>\n\t\t\t\t\t<\/div>\n\t\t<\/section>\n\t\t\t\t<section class=\"elementor-section elementor-top-section elementor-element elementor-element-f9af0fa elementor-section-boxed elementor-section-height-default elementor-section-height-default\" data-id=\"f9af0fa\" data-element_type=\"section\">\n\t\t\t\t\t\t<div class=\"elementor-container elementor-column-gap-default\">\n\t\t\t\t\t<div class=\"elementor-column elementor-col-100 elementor-top-column elementor-element elementor-element-1c4c236\" data-id=\"1c4c236\" data-element_type=\"column\">\n\t\t\t<div class=\"elementor-widget-wrap elementor-element-populated\">\n\t\t\t\t\t\t<div class=\"elementor-element elementor-element-9fae39a elementor-widget elementor-widget-cv-list-blog-post-layout\" data-id=\"9fae39a\" data-element_type=\"widget\" data-widget_type=\"cv-list-blog-post-layout.default\">\n\t\t\t\t<div class=\"elementor-widget-container\">\n\t\t\t\t\t<div id=\"cv-list-post-layout\" class=\"block-9fae39a cv-block cv-block-list--layout-one\">    <div class=\"cv-post-wrapper cv-post--imagemargin column--one\">\r\n                        <article post-id=\"post-5791\" class=\"cv-post post-format--standard cv-icon\" itemscope itemtype=\"http:\/\/schema.org\/articleBody\">\r\n                    <div class=\"cv-post-left-wrap\">\r\n                        <div class=\"cv-post-thumb\">\r\n                            <a href=\"https:\/\/sah.ba\/index.php\/2026\/04\/08\/raspis-5-memorijal-pajkic-vojislav-paja\/\"><img decoding=\"async\" src=\"https:\/\/sah.ba\/wp-content\/uploads\/2026\/04\/14169.jpg\" alt=\"RASPIS 5. memorijal \u201ePajki\u0107 Vojislav \u2013 Paja\u201c\"\/><\/a>\r\n                        <\/div>\r\n                    <\/div><!-- .cv-post-left-wrap -->\r\n                    <div class=\"cv-post-right-wrap\">\r\n                        <div class=\"cv-post-cats-wrap\"><span class=\"cv-post-cat\"><a href=\"https:\/\/sah.ba\/index.php\/category\/raspisi-turnira\/\">Raspisi turnira<\/a><\/span><\/div>                        <h2 class=\"cv-post-title\">\r\n                            <a href=\"https:\/\/sah.ba\/index.php\/2026\/04\/08\/raspis-5-memorijal-pajkic-vojislav-paja\/\" target=\"_self\">\r\n                                RASPIS 5. memorijal \u201ePajki\u0107 Vojislav \u2013 Paja\u201c                            <\/a>\r\n                        <\/h2>\r\n                        <div class=\"cv-post-meta cv-meta-icon-show\">\r\n                            <span class=\"cv-post-date cv-post-meta-item\" itemprop=\"datePublished\"><a href=\"https:\/\/sah.ba\/index.php\/2026\/04\/08\/raspis-5-memorijal-pajkic-vojislav-paja\/\">8 Aprila, 2026<\/a><\/span><span class=\"cv-post-author-name cv-post-meta-item\" itemprop=\"author\">By:<a href=\"https:\/\/sah.ba\/index.php\/author\/ssfbih\/\">admin<\/a><\/span><span class=\"cv-post-comments-wrap cv-post-meta-item\"><a href=\"https:\/\/sah.ba\/index.php\/2026\/04\/08\/raspis-5-memorijal-pajkic-vojislav-paja\/\/#comments\">0<span class=\"cv-comment-txt\">Comments<\/span><\/a><\/span>                        <\/div>\r\n                        <div class=\"cv-post-content\" itemprop=\"description\">U \u0161ahovskom kalendaru \u0160ahovskog kluba &#8220;Preporod&#8221; Breza i okoline, sredina aprila donosi jo\u0161 jedno lijepo&hellip;<\/div>                        <div class=\"cv-read-more\"><a href=https:\/\/sah.ba\/index.php\/2026\/04\/08\/raspis-5-memorijal-pajkic-vojislav-paja\/>Pro\u010ditajte vi\u0161e<i class=\"fas fa-arrow-right\"><\/i><\/a><\/div>                    <\/div><!-- .cv-post-right-wrap -->\r\n                <\/article>\r\n                        <article post-id=\"post-5777\" class=\"cv-post post-format--standard cv-icon\" itemscope itemtype=\"http:\/\/schema.org\/articleBody\">\r\n                    <div class=\"cv-post-left-wrap\">\r\n                        <div class=\"cv-post-thumb\">\r\n                            <a href=\"https:\/\/sah.ba\/index.php\/2026\/04\/01\/raspis-33-ekipnog-prvenstva-ss-fbih-za-seniore-prva-a-liga\/\"><img decoding=\"async\" src=\"https:\/\/sah.ba\/wp-content\/uploads\/2023\/04\/SSFBiH-logo-1.png\" alt=\"RASPIS 33. ekipnog prvenstva \u0160S FBiH za seniore &#8211; Prva &#8220;A&#8221; liga\"\/><\/a>\r\n                        <\/div>\r\n                    <\/div><!-- .cv-post-left-wrap -->\r\n                    <div class=\"cv-post-right-wrap\">\r\n                        <div class=\"cv-post-cats-wrap\"><span class=\"cv-post-cat\"><a href=\"https:\/\/sah.ba\/index.php\/category\/bitno\/\">bitno<\/a><\/span><span class=\"cv-post-cat\"><a href=\"https:\/\/sah.ba\/index.php\/category\/ekipna\/\">Ekipna<\/a><\/span><span class=\"cv-post-cat\"><a href=\"https:\/\/sah.ba\/index.php\/category\/raspisi-turnira\/\">Raspisi turnira<\/a><\/span><\/div>                        <h2 class=\"cv-post-title\">\r\n                            <a href=\"https:\/\/sah.ba\/index.php\/2026\/04\/01\/raspis-33-ekipnog-prvenstva-ss-fbih-za-seniore-prva-a-liga\/\" target=\"_self\">\r\n                                RASPIS 33. ekipnog prvenstva \u0160S FBiH za seniore &#8211; Prva &#8220;A&#8221; liga                            <\/a>\r\n                        <\/h2>\r\n                        <div class=\"cv-post-meta cv-meta-icon-show\">\r\n                            <span class=\"cv-post-date cv-post-meta-item\" itemprop=\"datePublished\"><a href=\"https:\/\/sah.ba\/index.php\/2026\/04\/01\/raspis-33-ekipnog-prvenstva-ss-fbih-za-seniore-prva-a-liga\/\">1 Aprila, 2026<\/a><\/span><span class=\"cv-post-author-name cv-post-meta-item\" itemprop=\"author\">By:<a href=\"https:\/\/sah.ba\/index.php\/author\/ssfbih\/\">admin<\/a><\/span><span class=\"cv-post-comments-wrap cv-post-meta-item\"><a href=\"https:\/\/sah.ba\/index.php\/2026\/04\/01\/raspis-33-ekipnog-prvenstva-ss-fbih-za-seniore-prva-a-liga\/\/#comments\">0<span class=\"cv-comment-txt\">Comments<\/span><\/a><\/span>                        <\/div>\r\n                        <div class=\"cv-post-content\" itemprop=\"description\">1. Ekipno prvenstvo \u0160ahovskog saveza Federacije Bosne i Hercegovine za seniore \u2013 Prva A liga&hellip;<\/div>                        <div class=\"cv-read-more\"><a href=https:\/\/sah.ba\/index.php\/2026\/04\/01\/raspis-33-ekipnog-prvenstva-ss-fbih-za-seniore-prva-a-liga\/>Pro\u010ditajte vi\u0161e<i class=\"fas fa-arrow-right\"><\/i><\/a><\/div>                    <\/div><!-- .cv-post-right-wrap -->\r\n                <\/article>\r\n                        <article post-id=\"post-5775\" class=\"cv-post post-format--standard cv-icon\" itemscope itemtype=\"http:\/\/schema.org\/articleBody\">\r\n                    <div class=\"cv-post-left-wrap\">\r\n                        <div class=\"cv-post-thumb\">\r\n                            <a href=\"https:\/\/sah.ba\/index.php\/2026\/04\/01\/raspis-33-ekipnog-prvenstva-ss-fbih-za-seniore-prva-b-liga\/\"><img decoding=\"async\" src=\"https:\/\/sah.ba\/wp-content\/uploads\/2023\/04\/SSFBiH-logo-1.png\" alt=\"RASPIS 33. ekipnog prvenstva \u0160S FBiH za seniore &#8211; Prva &#8220;B&#8221; liga\"\/><\/a>\r\n                        <\/div>\r\n                    <\/div><!-- .cv-post-left-wrap -->\r\n                    <div class=\"cv-post-right-wrap\">\r\n                        <div class=\"cv-post-cats-wrap\"><span class=\"cv-post-cat\"><a href=\"https:\/\/sah.ba\/index.php\/category\/bitno\/\">bitno<\/a><\/span><span class=\"cv-post-cat\"><a href=\"https:\/\/sah.ba\/index.php\/category\/ekipna\/\">Ekipna<\/a><\/span><span class=\"cv-post-cat\"><a href=\"https:\/\/sah.ba\/index.php\/category\/raspisi-turnira\/\">Raspisi turnira<\/a><\/span><\/div>                        <h2 class=\"cv-post-title\">\r\n                            <a href=\"https:\/\/sah.ba\/index.php\/2026\/04\/01\/raspis-33-ekipnog-prvenstva-ss-fbih-za-seniore-prva-b-liga\/\" target=\"_self\">\r\n                                RASPIS 33. ekipnog prvenstva \u0160S FBiH za seniore &#8211; Prva &#8220;B&#8221; liga                            <\/a>\r\n                        <\/h2>\r\n                        <div class=\"cv-post-meta cv-meta-icon-show\">\r\n                            <span class=\"cv-post-date cv-post-meta-item\" itemprop=\"datePublished\"><a href=\"https:\/\/sah.ba\/index.php\/2026\/04\/01\/raspis-33-ekipnog-prvenstva-ss-fbih-za-seniore-prva-b-liga\/\">1 Aprila, 2026<\/a><\/span><span class=\"cv-post-author-name cv-post-meta-item\" itemprop=\"author\">By:<a href=\"https:\/\/sah.ba\/index.php\/author\/ssfbih\/\">admin<\/a><\/span><span class=\"cv-post-comments-wrap cv-post-meta-item\"><a href=\"https:\/\/sah.ba\/index.php\/2026\/04\/01\/raspis-33-ekipnog-prvenstva-ss-fbih-za-seniore-prva-b-liga\/\/#comments\">0<span class=\"cv-comment-txt\">Comments<\/span><\/a><\/span>                        <\/div>\r\n                        <div class=\"cv-post-content\" itemprop=\"description\">1. Ekipno prvenstvo \u0160ahovskog saveza Federacije Bosne i Hercegovine za seniore \u2013 Prva B liga&hellip;<\/div>                        <div class=\"cv-read-more\"><a href=https:\/\/sah.ba\/index.php\/2026\/04\/01\/raspis-33-ekipnog-prvenstva-ss-fbih-za-seniore-prva-b-liga\/>Pro\u010ditajte vi\u0161e<i class=\"fas fa-arrow-right\"><\/i><\/a><\/div>                    <\/div><!-- .cv-post-right-wrap -->\r\n                <\/article>\r\n                        <article post-id=\"post-5773\" class=\"cv-post post-format--standard cv-icon\" itemscope itemtype=\"http:\/\/schema.org\/articleBody\">\r\n                    <div class=\"cv-post-left-wrap\">\r\n                        <div class=\"cv-post-thumb\">\r\n                            <a href=\"https:\/\/sah.ba\/index.php\/2026\/04\/01\/raspis-32-pojedinacnog-otvorenog-kadetskog-i-juniorskog-prvenstva-ss-fbih-za-2026-godinu\/\"><img decoding=\"async\" src=\"https:\/\/sah.ba\/wp-content\/uploads\/2023\/04\/SSFBiH-logo-1.png\" alt=\"RASPIS 32. pojedina\u010dnog otvorenog kadetskog i juniorskog prvenstva \u0160S FBiH za 2026. godinu\"\/><\/a>\r\n                        <\/div>\r\n                    <\/div><!-- .cv-post-left-wrap -->\r\n                    <div class=\"cv-post-right-wrap\">\r\n                        <div class=\"cv-post-cats-wrap\"><span class=\"cv-post-cat\"><a href=\"https:\/\/sah.ba\/index.php\/category\/bitno\/\">bitno<\/a><\/span><span class=\"cv-post-cat\"><a href=\"https:\/\/sah.ba\/index.php\/category\/pojedinacna\/\">Pojedina\u010dna<\/a><\/span><span class=\"cv-post-cat\"><a href=\"https:\/\/sah.ba\/index.php\/category\/raspisi-turnira\/\">Raspisi turnira<\/a><\/span><\/div>                        <h2 class=\"cv-post-title\">\r\n                            <a href=\"https:\/\/sah.ba\/index.php\/2026\/04\/01\/raspis-32-pojedinacnog-otvorenog-kadetskog-i-juniorskog-prvenstva-ss-fbih-za-2026-godinu\/\" target=\"_self\">\r\n                                RASPIS 32. pojedina\u010dnog otvorenog kadetskog i juniorskog prvenstva \u0160S FBiH za 2026. godinu                            <\/a>\r\n                        <\/h2>\r\n                        <div class=\"cv-post-meta cv-meta-icon-show\">\r\n                            <span class=\"cv-post-date cv-post-meta-item\" itemprop=\"datePublished\"><a href=\"https:\/\/sah.ba\/index.php\/2026\/04\/01\/raspis-32-pojedinacnog-otvorenog-kadetskog-i-juniorskog-prvenstva-ss-fbih-za-2026-godinu\/\">1 Aprila, 2026<\/a><\/span><span class=\"cv-post-author-name cv-post-meta-item\" itemprop=\"author\">By:<a href=\"https:\/\/sah.ba\/index.php\/author\/ssfbih\/\">admin<\/a><\/span><span class=\"cv-post-comments-wrap cv-post-meta-item\"><a href=\"https:\/\/sah.ba\/index.php\/2026\/04\/01\/raspis-32-pojedinacnog-otvorenog-kadetskog-i-juniorskog-prvenstva-ss-fbih-za-2026-godinu\/\/#comments\">0<span class=\"cv-comment-txt\">Comments<\/span><\/a><\/span>                        <\/div>\r\n                        <div class=\"cv-post-content\" itemprop=\"description\">XXXII pojedina\u010dno otvoreno kadetsko prvenstvo \u0160SFBiH za 2026.godinu (kategorije do 8, 10,12, 14, 16, 18&hellip;<\/div>                        <div class=\"cv-read-more\"><a href=https:\/\/sah.ba\/index.php\/2026\/04\/01\/raspis-32-pojedinacnog-otvorenog-kadetskog-i-juniorskog-prvenstva-ss-fbih-za-2026-godinu\/>Pro\u010ditajte vi\u0161e<i class=\"fas fa-arrow-right\"><\/i><\/a><\/div>                    <\/div><!-- .cv-post-right-wrap -->\r\n                <\/article>\r\n                        <article post-id=\"post-5764\" class=\"cv-post post-format--standard cv-icon\" itemscope itemtype=\"http:\/\/schema.org\/articleBody\">\r\n                    <div class=\"cv-post-left-wrap\">\r\n                        <div class=\"cv-post-thumb\">\r\n                            <a href=\"https:\/\/sah.ba\/index.php\/2026\/03\/22\/raspis-20-memorijalni-sahovski-turnir-sead-bicevic\/\"><img decoding=\"async\" src=\"https:\/\/sah.ba\/wp-content\/uploads\/2023\/01\/chess-4.jpg\" alt=\"RASPIS 20. MEMORIJALNI \u0160AHOVSKI TURNIR \u201eSEAD BI\u010cEVI\u0106\u201c\"\/><\/a>\r\n                        <\/div>\r\n                    <\/div><!-- .cv-post-left-wrap -->\r\n                    <div class=\"cv-post-right-wrap\">\r\n                        <div class=\"cv-post-cats-wrap\"><span class=\"cv-post-cat\"><a href=\"https:\/\/sah.ba\/index.php\/category\/raspisi-turnira\/\">Raspisi turnira<\/a><\/span><\/div>                        <h2 class=\"cv-post-title\">\r\n                            <a href=\"https:\/\/sah.ba\/index.php\/2026\/03\/22\/raspis-20-memorijalni-sahovski-turnir-sead-bicevic\/\" target=\"_self\">\r\n                                RASPIS 20. MEMORIJALNI \u0160AHOVSKI TURNIR \u201eSEAD BI\u010cEVI\u0106\u201c                            <\/a>\r\n                        <\/h2>\r\n                        <div class=\"cv-post-meta cv-meta-icon-show\">\r\n                            <span class=\"cv-post-date cv-post-meta-item\" itemprop=\"datePublished\"><a href=\"https:\/\/sah.ba\/index.php\/2026\/03\/22\/raspis-20-memorijalni-sahovski-turnir-sead-bicevic\/\">22 Marta, 2026<\/a><\/span><span class=\"cv-post-author-name cv-post-meta-item\" itemprop=\"author\">By:<a href=\"https:\/\/sah.ba\/index.php\/author\/ssfbih\/\">admin<\/a><\/span><span class=\"cv-post-comments-wrap cv-post-meta-item\"><a href=\"https:\/\/sah.ba\/index.php\/2026\/03\/22\/raspis-20-memorijalni-sahovski-turnir-sead-bicevic\/\/#comments\">0<span class=\"cv-comment-txt\">Comments<\/span><\/a><\/span>                        <\/div>\r\n                        <div class=\"cv-post-content\" itemprop=\"description\">Organizator: \u0160ahovski klub \u201eGora\u017ede\u201c &#8211; Gora\u017ede Vrijeme: 29. mart 2026. godine \/nedjelja\/ Mjesto: Kongresna sala&hellip;<\/div>                        <div class=\"cv-read-more\"><a href=https:\/\/sah.ba\/index.php\/2026\/03\/22\/raspis-20-memorijalni-sahovski-turnir-sead-bicevic\/>Pro\u010ditajte vi\u0161e<i class=\"fas fa-arrow-right\"><\/i><\/a><\/div>                    <\/div><!-- .cv-post-right-wrap -->\r\n                <\/article>\r\n                        <article post-id=\"post-5758\" class=\"cv-post post-format--standard cv-icon\" itemscope itemtype=\"http:\/\/schema.org\/articleBody\">\r\n                    <div class=\"cv-post-left-wrap\">\r\n                        <div class=\"cv-post-thumb\">\r\n                            <a href=\"https:\/\/sah.ba\/index.php\/2026\/03\/19\/raspis-bajramskog-sahovskog-turnira-u-buzimu-2\/\"><img decoding=\"async\" src=\"https:\/\/sah.ba\/wp-content\/uploads\/2023\/01\/chess-4.jpg\" alt=\"RASPIS BAJRAMSKOG \u0160AHOVSKOG TURNIRA U BU\u017dIMU\"\/><\/a>\r\n                        <\/div>\r\n                    <\/div><!-- .cv-post-left-wrap -->\r\n                    <div class=\"cv-post-right-wrap\">\r\n                        <div class=\"cv-post-cats-wrap\"><span class=\"cv-post-cat\"><a href=\"https:\/\/sah.ba\/index.php\/category\/raspisi-turnira\/\">Raspisi turnira<\/a><\/span><\/div>                        <h2 class=\"cv-post-title\">\r\n                            <a href=\"https:\/\/sah.ba\/index.php\/2026\/03\/19\/raspis-bajramskog-sahovskog-turnira-u-buzimu-2\/\" target=\"_self\">\r\n                                RASPIS BAJRAMSKOG \u0160AHOVSKOG TURNIRA U BU\u017dIMU                            <\/a>\r\n                        <\/h2>\r\n                        <div class=\"cv-post-meta cv-meta-icon-show\">\r\n                            <span class=\"cv-post-date cv-post-meta-item\" itemprop=\"datePublished\"><a href=\"https:\/\/sah.ba\/index.php\/2026\/03\/19\/raspis-bajramskog-sahovskog-turnira-u-buzimu-2\/\">19 Marta, 2026<\/a><\/span><span class=\"cv-post-author-name cv-post-meta-item\" itemprop=\"author\">By:<a href=\"https:\/\/sah.ba\/index.php\/author\/ssfbih\/\">admin<\/a><\/span><span class=\"cv-post-comments-wrap cv-post-meta-item\"><a href=\"https:\/\/sah.ba\/index.php\/2026\/03\/19\/raspis-bajramskog-sahovskog-turnira-u-buzimu-2\/\/#comments\">0<span class=\"cv-comment-txt\">Comments<\/span><\/a><\/span>                        <\/div>\r\n                        <div class=\"cv-post-content\" itemprop=\"description\">Datum odr\u017eavanja: 22.03.2026. godine (nedjelja) Organizator: Invalidski \u0161ahovski klub Biser Bu\u017eim Tehni\u010dka podr\u0161ka: \u0160ahovski klub&hellip;<\/div>                        <div class=\"cv-read-more\"><a href=https:\/\/sah.ba\/index.php\/2026\/03\/19\/raspis-bajramskog-sahovskog-turnira-u-buzimu-2\/>Pro\u010ditajte vi\u0161e<i class=\"fas fa-arrow-right\"><\/i><\/a><\/div>                    <\/div><!-- .cv-post-right-wrap -->\r\n                <\/article>\r\n                        <article post-id=\"post-5749\" class=\"cv-post post-format--standard cv-icon\" itemscope itemtype=\"http:\/\/schema.org\/articleBody\">\r\n                    <div class=\"cv-post-left-wrap\">\r\n                        <div class=\"cv-post-thumb\">\r\n                            <a href=\"https:\/\/sah.ba\/index.php\/2026\/03\/15\/raspis-27-memorijalnog-sahovskog-turnira-kapija\/\"><img decoding=\"async\" src=\"https:\/\/sah.ba\/wp-content\/uploads\/2023\/01\/chess-4.jpg\" alt=\"Raspis 27. Memorijalnog \u0161ahovskog turnira \u201eKapija\u201c\"\/><\/a>\r\n                        <\/div>\r\n                    <\/div><!-- .cv-post-left-wrap -->\r\n                    <div class=\"cv-post-right-wrap\">\r\n                        <div class=\"cv-post-cats-wrap\"><span class=\"cv-post-cat\"><a href=\"https:\/\/sah.ba\/index.php\/category\/raspisi-turnira\/\">Raspisi turnira<\/a><\/span><\/div>                        <h2 class=\"cv-post-title\">\r\n                            <a href=\"https:\/\/sah.ba\/index.php\/2026\/03\/15\/raspis-27-memorijalnog-sahovskog-turnira-kapija\/\" target=\"_self\">\r\n                                Raspis 27. Memorijalnog \u0161ahovskog turnira \u201eKapija\u201c                            <\/a>\r\n                        <\/h2>\r\n                        <div class=\"cv-post-meta cv-meta-icon-show\">\r\n                            <span class=\"cv-post-date cv-post-meta-item\" itemprop=\"datePublished\"><a href=\"https:\/\/sah.ba\/index.php\/2026\/03\/15\/raspis-27-memorijalnog-sahovskog-turnira-kapija\/\">15 Marta, 2026<\/a><\/span><span class=\"cv-post-author-name cv-post-meta-item\" itemprop=\"author\">By:<a href=\"https:\/\/sah.ba\/index.php\/author\/ssfbih\/\">admin<\/a><\/span><span class=\"cv-post-comments-wrap cv-post-meta-item\"><a href=\"https:\/\/sah.ba\/index.php\/2026\/03\/15\/raspis-27-memorijalnog-sahovskog-turnira-kapija\/\/#comments\">0<span class=\"cv-comment-txt\">Comments<\/span><\/a><\/span>                        <\/div>\r\n                        <div class=\"cv-post-content\" itemprop=\"description\">Organizator:\u00a0\u0160ahovski klub \u201eInzio-Tu\u0161anj\u201c, Tuzla Mjesto i datum odr\u017eavanja: Hotel \u201eMinero\u201c (nekada\u0161nji motel \u201eRudar\u201c) u Tuzli,&hellip;<\/div>                        <div class=\"cv-read-more\"><a href=https:\/\/sah.ba\/index.php\/2026\/03\/15\/raspis-27-memorijalnog-sahovskog-turnira-kapija\/>Pro\u010ditajte vi\u0161e<i class=\"fas fa-arrow-right\"><\/i><\/a><\/div>                    <\/div><!-- .cv-post-right-wrap -->\r\n                <\/article>\r\n                        <article post-id=\"post-5746\" class=\"cv-post post-format--standard cv-icon\" itemscope itemtype=\"http:\/\/schema.org\/articleBody\">\r\n                    <div class=\"cv-post-left-wrap\">\r\n                        <div class=\"cv-post-thumb\">\r\n                            <a href=\"https:\/\/sah.ba\/index.php\/2026\/03\/15\/raspis-tradicionalno-sahovskog-turnira-povodom-bajrama\/\"><img decoding=\"async\" src=\"https:\/\/sah.ba\/wp-content\/uploads\/2023\/01\/chess-4.jpg\" alt=\"Raspis Tradicionalno \u0161ahovskog turnira povodom Bajrama\"\/><\/a>\r\n                        <\/div>\r\n                    <\/div><!-- .cv-post-left-wrap -->\r\n                    <div class=\"cv-post-right-wrap\">\r\n                        <div class=\"cv-post-cats-wrap\"><span class=\"cv-post-cat\"><a href=\"https:\/\/sah.ba\/index.php\/category\/raspisi-turnira\/\">Raspisi turnira<\/a><\/span><\/div>                        <h2 class=\"cv-post-title\">\r\n                            <a href=\"https:\/\/sah.ba\/index.php\/2026\/03\/15\/raspis-tradicionalno-sahovskog-turnira-povodom-bajrama\/\" target=\"_self\">\r\n                                Raspis Tradicionalno \u0161ahovskog turnira povodom Bajrama                            <\/a>\r\n                        <\/h2>\r\n                        <div class=\"cv-post-meta cv-meta-icon-show\">\r\n                            <span class=\"cv-post-date cv-post-meta-item\" itemprop=\"datePublished\"><a href=\"https:\/\/sah.ba\/index.php\/2026\/03\/15\/raspis-tradicionalno-sahovskog-turnira-povodom-bajrama\/\">15 Marta, 2026<\/a><\/span><span class=\"cv-post-author-name cv-post-meta-item\" itemprop=\"author\">By:<a href=\"https:\/\/sah.ba\/index.php\/author\/ssfbih\/\">admin<\/a><\/span><span class=\"cv-post-comments-wrap cv-post-meta-item\"><a href=\"https:\/\/sah.ba\/index.php\/2026\/03\/15\/raspis-tradicionalno-sahovskog-turnira-povodom-bajrama\/\/#comments\">0<span class=\"cv-comment-txt\">Comments<\/span><\/a><\/span>                        <\/div>\r\n                        <div class=\"cv-post-content\" itemprop=\"description\">Organizator: \u0160ahovski klub \u201e\u010celik\u201c Zenica Vrijeme odr\u017eavanja: 21.03.2026. godine (subota) Mjesto odr\u017eavanja: \u0160ahovski dom u&hellip;<\/div>                        <div class=\"cv-read-more\"><a href=https:\/\/sah.ba\/index.php\/2026\/03\/15\/raspis-tradicionalno-sahovskog-turnira-povodom-bajrama\/>Pro\u010ditajte vi\u0161e<i class=\"fas fa-arrow-right\"><\/i><\/a><\/div>                    <\/div><!-- .cv-post-right-wrap -->\r\n                <\/article>\r\n                        <article post-id=\"post-5730\" class=\"cv-post post-format--standard cv-icon\" itemscope itemtype=\"http:\/\/schema.org\/articleBody\">\r\n                    <div class=\"cv-post-left-wrap\">\r\n                        <div class=\"cv-post-thumb\">\r\n                            <a href=\"https:\/\/sah.ba\/index.php\/2026\/03\/10\/raspis-19-kadetsko-i-juniorsko-prvenstvo-sahovskog-saveza-zenicko-dobojskog-kantona-za-2026-godinu\/\"><img decoding=\"async\" src=\"https:\/\/sah.ba\/wp-content\/uploads\/2023\/01\/chess-4.jpg\" alt=\"RASPIS 19. kadetsko i juniorsko prvenstvo \u0160ahovskog saveza Zeni\u010dko-dobojskog kantona za 2026. godinu\"\/><\/a>\r\n                        <\/div>\r\n                    <\/div><!-- .cv-post-left-wrap -->\r\n                    <div class=\"cv-post-right-wrap\">\r\n                        <div class=\"cv-post-cats-wrap\"><span class=\"cv-post-cat\"><a href=\"https:\/\/sah.ba\/index.php\/category\/raspisi-turnira\/\">Raspisi turnira<\/a><\/span><\/div>                        <h2 class=\"cv-post-title\">\r\n                            <a href=\"https:\/\/sah.ba\/index.php\/2026\/03\/10\/raspis-19-kadetsko-i-juniorsko-prvenstvo-sahovskog-saveza-zenicko-dobojskog-kantona-za-2026-godinu\/\" target=\"_self\">\r\n                                RASPIS 19. kadetsko i juniorsko prvenstvo \u0160ahovskog saveza Zeni\u010dko-dobojskog kantona za 2026. godinu                            <\/a>\r\n                        <\/h2>\r\n                        <div class=\"cv-post-meta cv-meta-icon-show\">\r\n                            <span class=\"cv-post-date cv-post-meta-item\" itemprop=\"datePublished\"><a href=\"https:\/\/sah.ba\/index.php\/2026\/03\/10\/raspis-19-kadetsko-i-juniorsko-prvenstvo-sahovskog-saveza-zenicko-dobojskog-kantona-za-2026-godinu\/\">10 Marta, 2026<\/a><\/span><span class=\"cv-post-author-name cv-post-meta-item\" itemprop=\"author\">By:<a href=\"https:\/\/sah.ba\/index.php\/author\/ssfbih\/\">admin<\/a><\/span><span class=\"cv-post-comments-wrap cv-post-meta-item\"><a href=\"https:\/\/sah.ba\/index.php\/2026\/03\/10\/raspis-19-kadetsko-i-juniorsko-prvenstvo-sahovskog-saveza-zenicko-dobojskog-kantona-za-2026-godinu\/\/#comments\">0<span class=\"cv-comment-txt\">Comments<\/span><\/a><\/span>                        <\/div>\r\n                        <div class=\"cv-post-content\" itemprop=\"description\">19. kadetsko i juniorsko prvenstvo \u0160ahovskog saveza Zeni\u010dko-dobojskog kantona odr\u017eat \u0107e se dana 29.03.2026. godine&hellip;<\/div>                        <div class=\"cv-read-more\"><a href=https:\/\/sah.ba\/index.php\/2026\/03\/10\/raspis-19-kadetsko-i-juniorsko-prvenstvo-sahovskog-saveza-zenicko-dobojskog-kantona-za-2026-godinu\/>Pro\u010ditajte vi\u0161e<i class=\"fas fa-arrow-right\"><\/i><\/a><\/div>                    <\/div><!-- .cv-post-right-wrap -->\r\n                <\/article>\r\n                        <article post-id=\"post-5727\" class=\"cv-post post-format--standard cv-icon\" itemscope itemtype=\"http:\/\/schema.org\/articleBody\">\r\n                    <div class=\"cv-post-left-wrap\">\r\n                        <div class=\"cv-post-thumb\">\r\n                            <a href=\"https:\/\/sah.ba\/index.php\/2026\/03\/05\/raspis-1-medjunarodni-sahovski-turnir-sarajevska-zima-blitz\/\"><img decoding=\"async\" src=\"https:\/\/sah.ba\/wp-content\/uploads\/2023\/01\/chess-4.jpg\" alt=\"RASPIS 1. me\u0111unarodni \u0161ahovski turnir \u201eSarajevska zima\u201c &#8211; Blitz\"\/><\/a>\r\n                        <\/div>\r\n                    <\/div><!-- .cv-post-left-wrap -->\r\n                    <div class=\"cv-post-right-wrap\">\r\n                        <div class=\"cv-post-cats-wrap\"><span class=\"cv-post-cat\"><a href=\"https:\/\/sah.ba\/index.php\/category\/raspisi-turnira\/\">Raspisi turnira<\/a><\/span><\/div>                        <h2 class=\"cv-post-title\">\r\n                            <a href=\"https:\/\/sah.ba\/index.php\/2026\/03\/05\/raspis-1-medjunarodni-sahovski-turnir-sarajevska-zima-blitz\/\" target=\"_self\">\r\n                                RASPIS 1. me\u0111unarodni \u0161ahovski turnir \u201eSarajevska zima\u201c &#8211; Blitz                            <\/a>\r\n                        <\/h2>\r\n                        <div class=\"cv-post-meta cv-meta-icon-show\">\r\n                            <span class=\"cv-post-date cv-post-meta-item\" itemprop=\"datePublished\"><a href=\"https:\/\/sah.ba\/index.php\/2026\/03\/05\/raspis-1-medjunarodni-sahovski-turnir-sarajevska-zima-blitz\/\">5 Marta, 2026<\/a><\/span><span class=\"cv-post-author-name cv-post-meta-item\" itemprop=\"author\">By:<a href=\"https:\/\/sah.ba\/index.php\/author\/ssfbih\/\">admin<\/a><\/span><span class=\"cv-post-comments-wrap cv-post-meta-item\"><a href=\"https:\/\/sah.ba\/index.php\/2026\/03\/05\/raspis-1-medjunarodni-sahovski-turnir-sarajevska-zima-blitz\/\/#comments\">0<span class=\"cv-comment-txt\">Comments<\/span><\/a><\/span>                        <\/div>\r\n                        <div class=\"cv-post-content\" itemprop=\"description\">U okviru manifestacije \u201eSarajevska zima\u201c organizuje se 1. me\u0111unarodni \u0161ahovski turnir \u201eSarajevska zima\u201c &#8211; Blitz&hellip;<\/div>                        <div class=\"cv-read-more\"><a href=https:\/\/sah.ba\/index.php\/2026\/03\/05\/raspis-1-medjunarodni-sahovski-turnir-sarajevska-zima-blitz\/>Pro\u010ditajte vi\u0161e<i class=\"fas fa-arrow-right\"><\/i><\/a><\/div>                    <\/div><!-- .cv-post-right-wrap -->\r\n                <\/article>\r\n            <\/div><\/div>\t\t\t\t<\/div>\n\t\t\t\t<\/div>\n\t\t\t\t\t<\/div>\n\t\t<\/div>\n\t\t\t\t\t<\/div>\n\t\t<\/section>\n\t\t\t\t<section class=\"elementor-section elementor-top-section elementor-element elementor-element-1a417ab elementor-section-boxed elementor-section-height-default elementor-section-height-default\" data-id=\"1a417ab\" data-element_type=\"section\">\n\t\t\t\t\t\t<div class=\"elementor-container elementor-column-gap-default\">\n\t\t\t\t\t<div class=\"elementor-column elementor-col-100 elementor-top-column elementor-element elementor-element-48f7871\" data-id=\"48f7871\" data-element_type=\"column\">\n\t\t\t<div class=\"elementor-widget-wrap elementor-element-populated\">\n\t\t\t\t\t\t<div class=\"elementor-element elementor-element-3637c5d elementor-widget elementor-widget-post-tiles\" data-id=\"3637c5d\" data-element_type=\"widget\" data-widget_type=\"post-tiles.default\">\n\t\t\t\t<div class=\"elementor-widget-container\">\n\t\t\t\t\t        <div id=\"wpmagazine-modules-lite-post-tiles-block-3637c5d\" class=\"wpmagazine-modules-lite-post-tiles-block block-3637c5d cvmm-block cvmm-block-post-tiles--layout-default\">\r\n            <h2 class=\"cvmm-block-title layout--default\"><span>Novosti<\/span><\/h2><div class=\"cvmm-post-tiles-block-main-content-wrap\">\r\n    <div class=\"cvmm-post-tiles-slider-post-wrapper cvmm-post-tiles-full-width\"  data-dots=0 data-loop=1 data-control=1 data-auto=1 data-type=0 data-speed=2500 data-item=1>\r\n                        <article post-id=\"post-5770\" class=\"cvmm-post post-format--standard\" itemscope itemtype=\"http:\/\/schema.org\/articleBody\">\r\n                                        <div class=\"cvmm-post-thumb\">\r\n                        <a href=\"https:\/\/sah.ba\/index.php\/2026\/03\/30\/izvjestaj-20-memorijalni-sahovski-turnir-sead-bicevic\/\" target=\"_blank\" style=\"background: url( https:\/\/sah.ba\/wp-content\/uploads\/2023\/01\/chess-4.jpg ); background-position: center center; background-size: cover\">\r\n                        <\/a>\r\n                    <\/div>\r\n                    \r\n                    <div class=\"cvmm-post-content-all-wrapper\">\r\n                        <span class=\"cvmm-post-cats-wrap cvmm-post-meta-item\"><span class=\"cvmm-post-cat cvmm-cat-4\"><a href=\"https:\/\/sah.ba\/index.php\/category\/novosti\/\" target=\"_blank\">Novosti<\/a><\/span><\/span>                        <h2 class=\"cvmm-post-title\">\r\n                            <a href=\"https:\/\/sah.ba\/index.php\/2026\/03\/30\/izvjestaj-20-memorijalni-sahovski-turnir-sead-bicevic\/\" target=\"_blank\">\r\n                                IZVJE\u0160TAJ 20. Memorijalni \u0161ahovski turnir &#8220;Sead Bi\u010devi\u0107&#8221;                            <\/a>\r\n                        <\/h2>\r\n\r\n                        <div class=\"cvmm-post-meta cvmm-meta-icon-show\">\r\n                            <span class=\"cvmm-post-date cvmm-post-meta-item\" itemprop=\"datePublished\"><a href=\"https:\/\/sah.ba\/index.php\/2026\/03\/30\/izvjestaj-20-memorijalni-sahovski-turnir-sead-bicevic\/\" target=\"_blank\">30 Marta, 2026<\/a><\/span><span class=\"cvmm-post-author-name cvmm-post-meta-item\" itemprop=\"author\"><a href=\"https:\/\/sah.ba\/index.php\/author\/ssfbih\/\" target=\"_blank\">admin<\/a><\/span>                        <\/div>\r\n                        <div class=\"cvmm-read-more\"><a href=\"https:\/\/sah.ba\/index.php\/2026\/03\/30\/izvjestaj-20-memorijalni-sahovski-turnir-sead-bicevic\/\" target=\"_blank\">Pro\u010ditajte vi\u0161e<i class=\"fas fa-arrow-right\"><\/i><\/a><\/div>                    <\/div><!-- .cvmm-post-content-all-wrapper -->\r\n                <\/article>\r\n                        <article post-id=\"post-5761\" class=\"cvmm-post post-format--standard\" itemscope itemtype=\"http:\/\/schema.org\/articleBody\">\r\n                                        <div class=\"cvmm-post-thumb\">\r\n                        <a href=\"https:\/\/sah.ba\/index.php\/2026\/03\/21\/odrzan-62-bajramski-sahovski-turnir-u-gorazdu\/\" target=\"_blank\" style=\"background: url( https:\/\/sah.ba\/wp-content\/uploads\/2023\/01\/chess-4.jpg ); background-position: center center; background-size: cover\">\r\n                        <\/a>\r\n                    <\/div>\r\n                    \r\n                    <div class=\"cvmm-post-content-all-wrapper\">\r\n                        <span class=\"cvmm-post-cats-wrap cvmm-post-meta-item\"><span class=\"cvmm-post-cat cvmm-cat-4\"><a href=\"https:\/\/sah.ba\/index.php\/category\/novosti\/\" target=\"_blank\">Novosti<\/a><\/span><\/span>                        <h2 class=\"cvmm-post-title\">\r\n                            <a href=\"https:\/\/sah.ba\/index.php\/2026\/03\/21\/odrzan-62-bajramski-sahovski-turnir-u-gorazdu\/\" target=\"_blank\">\r\n                                ODR\u017dAN 62. BAJRAMSKI \u0160AHOVSKI TURNIR U GORA\u017dDU                            <\/a>\r\n                        <\/h2>\r\n\r\n                        <div class=\"cvmm-post-meta cvmm-meta-icon-show\">\r\n                            <span class=\"cvmm-post-date cvmm-post-meta-item\" itemprop=\"datePublished\"><a href=\"https:\/\/sah.ba\/index.php\/2026\/03\/21\/odrzan-62-bajramski-sahovski-turnir-u-gorazdu\/\" target=\"_blank\">21 Marta, 2026<\/a><\/span><span class=\"cvmm-post-author-name cvmm-post-meta-item\" itemprop=\"author\"><a href=\"https:\/\/sah.ba\/index.php\/author\/ssfbih\/\" target=\"_blank\">admin<\/a><\/span>                        <\/div>\r\n                        <div class=\"cvmm-read-more\"><a href=\"https:\/\/sah.ba\/index.php\/2026\/03\/21\/odrzan-62-bajramski-sahovski-turnir-u-gorazdu\/\" target=\"_blank\">Pro\u010ditajte vi\u0161e<i class=\"fas fa-arrow-right\"><\/i><\/a><\/div>                    <\/div><!-- .cvmm-post-content-all-wrapper -->\r\n                <\/article>\r\n                        <article post-id=\"post-5742\" class=\"cvmm-post post-format--standard\" itemscope itemtype=\"http:\/\/schema.org\/articleBody\">\r\n                                        <div class=\"cvmm-post-thumb\">\r\n                        <a href=\"https:\/\/sah.ba\/index.php\/2026\/03\/11\/obavijest-sudijama-ssfbih-o-uplati-sudijske-takse-za-2026-godinu\/\" target=\"_blank\" style=\"background: url( https:\/\/sah.ba\/wp-content\/uploads\/2023\/04\/SSFBiH-logo-1.png ); background-position: center center; background-size: cover\">\r\n                        <\/a>\r\n                    <\/div>\r\n                    \r\n                    <div class=\"cvmm-post-content-all-wrapper\">\r\n                        <span class=\"cvmm-post-cats-wrap cvmm-post-meta-item\"><span class=\"cvmm-post-cat cvmm-cat-4\"><a href=\"https:\/\/sah.ba\/index.php\/category\/novosti\/\" target=\"_blank\">Novosti<\/a><\/span><\/span>                        <h2 class=\"cvmm-post-title\">\r\n                            <a href=\"https:\/\/sah.ba\/index.php\/2026\/03\/11\/obavijest-sudijama-ssfbih-o-uplati-sudijske-takse-za-2026-godinu\/\" target=\"_blank\">\r\n                                Obavijest sudijama \u0160SFBiH o uplati sudijske takse za 2026. godinu                            <\/a>\r\n                        <\/h2>\r\n\r\n                        <div class=\"cvmm-post-meta cvmm-meta-icon-show\">\r\n                            <span class=\"cvmm-post-date cvmm-post-meta-item\" itemprop=\"datePublished\"><a href=\"https:\/\/sah.ba\/index.php\/2026\/03\/11\/obavijest-sudijama-ssfbih-o-uplati-sudijske-takse-za-2026-godinu\/\" target=\"_blank\">11 Marta, 2026<\/a><\/span><span class=\"cvmm-post-author-name cvmm-post-meta-item\" itemprop=\"author\"><a href=\"https:\/\/sah.ba\/index.php\/author\/ssfbih\/\" target=\"_blank\">admin<\/a><\/span>                        <\/div>\r\n                        <div class=\"cvmm-read-more\"><a href=\"https:\/\/sah.ba\/index.php\/2026\/03\/11\/obavijest-sudijama-ssfbih-o-uplati-sudijske-takse-za-2026-godinu\/\" target=\"_blank\">Pro\u010ditajte vi\u0161e<i class=\"fas fa-arrow-right\"><\/i><\/a><\/div>                    <\/div><!-- .cvmm-post-content-all-wrapper -->\r\n                <\/article>\r\n                        <article post-id=\"post-5723\" class=\"cvmm-post post-format--standard\" itemscope itemtype=\"http:\/\/schema.org\/articleBody\">\r\n                                        <div class=\"cvmm-post-thumb\">\r\n                        <a href=\"https:\/\/sah.ba\/index.php\/2026\/03\/02\/tradicionalni-sahovski-turnir-u-povodu-dana-nezavisnosti-bosne-i-hercegovine\/\" target=\"_blank\" style=\"background: url( https:\/\/sah.ba\/wp-content\/uploads\/2023\/01\/chess-4.jpg ); background-position: center center; background-size: cover\">\r\n                        <\/a>\r\n                    <\/div>\r\n                    \r\n                    <div class=\"cvmm-post-content-all-wrapper\">\r\n                        <span class=\"cvmm-post-cats-wrap cvmm-post-meta-item\"><span class=\"cvmm-post-cat cvmm-cat-4\"><a href=\"https:\/\/sah.ba\/index.php\/category\/novosti\/\" target=\"_blank\">Novosti<\/a><\/span><\/span>                        <h2 class=\"cvmm-post-title\">\r\n                            <a href=\"https:\/\/sah.ba\/index.php\/2026\/03\/02\/tradicionalni-sahovski-turnir-u-povodu-dana-nezavisnosti-bosne-i-hercegovine\/\" target=\"_blank\">\r\n                                Tradicionalni \u0161ahovski turnir u povodu Dana nezavisnosti Bosne i Hercegovine                            <\/a>\r\n                        <\/h2>\r\n\r\n                        <div class=\"cvmm-post-meta cvmm-meta-icon-show\">\r\n                            <span class=\"cvmm-post-date cvmm-post-meta-item\" itemprop=\"datePublished\"><a href=\"https:\/\/sah.ba\/index.php\/2026\/03\/02\/tradicionalni-sahovski-turnir-u-povodu-dana-nezavisnosti-bosne-i-hercegovine\/\" target=\"_blank\">2 Marta, 2026<\/a><\/span><span class=\"cvmm-post-author-name cvmm-post-meta-item\" itemprop=\"author\"><a href=\"https:\/\/sah.ba\/index.php\/author\/ssfbih\/\" target=\"_blank\">admin<\/a><\/span>                        <\/div>\r\n                        <div class=\"cvmm-read-more\"><a href=\"https:\/\/sah.ba\/index.php\/2026\/03\/02\/tradicionalni-sahovski-turnir-u-povodu-dana-nezavisnosti-bosne-i-hercegovine\/\" target=\"_blank\">Pro\u010ditajte vi\u0161e<i class=\"fas fa-arrow-right\"><\/i><\/a><\/div>                    <\/div><!-- .cvmm-post-content-all-wrapper -->\r\n                <\/article>\r\n                        <article post-id=\"post-5717\" class=\"cvmm-post post-format--standard\" itemscope itemtype=\"http:\/\/schema.org\/articleBody\">\r\n                                        <div class=\"cvmm-post-thumb\">\r\n                        <a href=\"https:\/\/sah.ba\/index.php\/2026\/03\/01\/prolongirani-javni-pozivi-oko-organizacije-takmicenja-na-nivou-sahovskog-saveza-federacije-bosne-i-hercegovine-za-2026-godinu\/\" target=\"_blank\" style=\"background: url( https:\/\/sah.ba\/wp-content\/uploads\/2023\/04\/SSFBiH-logo.png ); background-position: center center; background-size: cover\">\r\n                        <\/a>\r\n                    <\/div>\r\n                    \r\n                    <div class=\"cvmm-post-content-all-wrapper\">\r\n                        <span class=\"cvmm-post-cats-wrap cvmm-post-meta-item\"><span class=\"cvmm-post-cat cvmm-cat-4\"><a href=\"https:\/\/sah.ba\/index.php\/category\/novosti\/\" target=\"_blank\">Novosti<\/a><\/span><\/span>                        <h2 class=\"cvmm-post-title\">\r\n                            <a href=\"https:\/\/sah.ba\/index.php\/2026\/03\/01\/prolongirani-javni-pozivi-oko-organizacije-takmicenja-na-nivou-sahovskog-saveza-federacije-bosne-i-hercegovine-za-2026-godinu\/\" target=\"_blank\">\r\n                                Prolongirani Javni pozivi oko organizacije takmi\u010denja na nivou \u0160ahovskog saveza Federacije Bosne i Hercegovine za 2026. godinu                            <\/a>\r\n                        <\/h2>\r\n\r\n                        <div class=\"cvmm-post-meta cvmm-meta-icon-show\">\r\n                            <span class=\"cvmm-post-date cvmm-post-meta-item\" itemprop=\"datePublished\"><a href=\"https:\/\/sah.ba\/index.php\/2026\/03\/01\/prolongirani-javni-pozivi-oko-organizacije-takmicenja-na-nivou-sahovskog-saveza-federacije-bosne-i-hercegovine-za-2026-godinu\/\" target=\"_blank\">1 Marta, 2026<\/a><\/span><span class=\"cvmm-post-author-name cvmm-post-meta-item\" itemprop=\"author\"><a href=\"https:\/\/sah.ba\/index.php\/author\/ssfbih\/\" target=\"_blank\">admin<\/a><\/span>                        <\/div>\r\n                        <div class=\"cvmm-read-more\"><a href=\"https:\/\/sah.ba\/index.php\/2026\/03\/01\/prolongirani-javni-pozivi-oko-organizacije-takmicenja-na-nivou-sahovskog-saveza-federacije-bosne-i-hercegovine-za-2026-godinu\/\" target=\"_blank\">Pro\u010ditajte vi\u0161e<i class=\"fas fa-arrow-right\"><\/i><\/a><\/div>                    <\/div><!-- .cvmm-post-content-all-wrapper -->\r\n                <\/article>\r\n                        <article post-id=\"post-5651\" class=\"cvmm-post post-format--standard\" itemscope itemtype=\"http:\/\/schema.org\/articleBody\">\r\n                                        <div class=\"cvmm-post-thumb\">\r\n                        <a href=\"https:\/\/sah.ba\/index.php\/2026\/01\/13\/javni-pozivi-oko-organizacije-takmicenja-na-nivou-sahovskog-saveza-federacije-bosne-i-hercegovine-za-2026-godinu\/\" target=\"_blank\" style=\"background: url( https:\/\/sah.ba\/wp-content\/uploads\/2023\/04\/SSFBiH-logo-1.png ); background-position: center center; background-size: cover\">\r\n                        <\/a>\r\n                    <\/div>\r\n                    \r\n                    <div class=\"cvmm-post-content-all-wrapper\">\r\n                        <span class=\"cvmm-post-cats-wrap cvmm-post-meta-item\"><span class=\"cvmm-post-cat cvmm-cat-4\"><a href=\"https:\/\/sah.ba\/index.php\/category\/novosti\/\" target=\"_blank\">Novosti<\/a><\/span><\/span>                        <h2 class=\"cvmm-post-title\">\r\n                            <a href=\"https:\/\/sah.ba\/index.php\/2026\/01\/13\/javni-pozivi-oko-organizacije-takmicenja-na-nivou-sahovskog-saveza-federacije-bosne-i-hercegovine-za-2026-godinu\/\" target=\"_blank\">\r\n                                Javni pozivi oko organizacije takmi\u010denja na nivou \u0160ahovskog saveza Federacije Bosne i Hercegovine za 2026. godinu                            <\/a>\r\n                        <\/h2>\r\n\r\n                        <div class=\"cvmm-post-meta cvmm-meta-icon-show\">\r\n                            <span class=\"cvmm-post-date cvmm-post-meta-item\" itemprop=\"datePublished\"><a href=\"https:\/\/sah.ba\/index.php\/2026\/01\/13\/javni-pozivi-oko-organizacije-takmicenja-na-nivou-sahovskog-saveza-federacije-bosne-i-hercegovine-za-2026-godinu\/\" target=\"_blank\">13 Januara, 2026<\/a><\/span><span class=\"cvmm-post-author-name cvmm-post-meta-item\" itemprop=\"author\"><a href=\"https:\/\/sah.ba\/index.php\/author\/ssfbih\/\" target=\"_blank\">admin<\/a><\/span>                        <\/div>\r\n                        <div class=\"cvmm-read-more\"><a href=\"https:\/\/sah.ba\/index.php\/2026\/01\/13\/javni-pozivi-oko-organizacije-takmicenja-na-nivou-sahovskog-saveza-federacije-bosne-i-hercegovine-za-2026-godinu\/\" target=\"_blank\">Pro\u010ditajte vi\u0161e<i class=\"fas fa-arrow-right\"><\/i><\/a><\/div>                    <\/div><!-- .cvmm-post-content-all-wrapper -->\r\n                <\/article>\r\n                        <article post-id=\"post-5634\" class=\"cvmm-post post-format--standard\" itemscope itemtype=\"http:\/\/schema.org\/articleBody\">\r\n                                        <div class=\"cvmm-post-thumb\">\r\n                        <a href=\"https:\/\/sah.ba\/index.php\/2025\/12\/23\/odrzan-2-memorijalni-sahovski-turnir-sjecanje-na-prekinutu-mladost-u-gradaccu\/\" target=\"_blank\" style=\"background: url( https:\/\/sah.ba\/wp-content\/uploads\/2023\/01\/chess-4.jpg ); background-position: center center; background-size: cover\">\r\n                        <\/a>\r\n                    <\/div>\r\n                    \r\n                    <div class=\"cvmm-post-content-all-wrapper\">\r\n                        <span class=\"cvmm-post-cats-wrap cvmm-post-meta-item\"><span class=\"cvmm-post-cat cvmm-cat-4\"><a href=\"https:\/\/sah.ba\/index.php\/category\/novosti\/\" target=\"_blank\">Novosti<\/a><\/span><\/span>                        <h2 class=\"cvmm-post-title\">\r\n                            <a href=\"https:\/\/sah.ba\/index.php\/2025\/12\/23\/odrzan-2-memorijalni-sahovski-turnir-sjecanje-na-prekinutu-mladost-u-gradaccu\/\" target=\"_blank\">\r\n                                Odr\u017ean 2. memorijalni \u0161ahovski turnir \u201eSje\u0107anje na prekinutu mladost\u201c u Grada\u010dcu                            <\/a>\r\n                        <\/h2>\r\n\r\n                        <div class=\"cvmm-post-meta cvmm-meta-icon-show\">\r\n                            <span class=\"cvmm-post-date cvmm-post-meta-item\" itemprop=\"datePublished\"><a href=\"https:\/\/sah.ba\/index.php\/2025\/12\/23\/odrzan-2-memorijalni-sahovski-turnir-sjecanje-na-prekinutu-mladost-u-gradaccu\/\" target=\"_blank\">23 Decembra, 2025<\/a><\/span><span class=\"cvmm-post-author-name cvmm-post-meta-item\" itemprop=\"author\"><a href=\"https:\/\/sah.ba\/index.php\/author\/ssfbih\/\" target=\"_blank\">admin<\/a><\/span>                        <\/div>\r\n                        <div class=\"cvmm-read-more\"><a href=\"https:\/\/sah.ba\/index.php\/2025\/12\/23\/odrzan-2-memorijalni-sahovski-turnir-sjecanje-na-prekinutu-mladost-u-gradaccu\/\" target=\"_blank\">Pro\u010ditajte vi\u0161e<i class=\"fas fa-arrow-right\"><\/i><\/a><\/div>                    <\/div><!-- .cvmm-post-content-all-wrapper -->\r\n                <\/article>\r\n                        <article post-id=\"post-5630\" class=\"cvmm-post post-format--standard\" itemscope itemtype=\"http:\/\/schema.org\/articleBody\">\r\n                                        <div class=\"cvmm-post-thumb\">\r\n                        <a href=\"https:\/\/sah.ba\/index.php\/2025\/12\/15\/finale-grand-prix-sahovskog-kluba-gorazde-za-2025-godinu\/\" target=\"_blank\" style=\"background: url( https:\/\/sah.ba\/wp-content\/uploads\/2023\/01\/chess-4.jpg ); background-position: center center; background-size: cover\">\r\n                        <\/a>\r\n                    <\/div>\r\n                    \r\n                    <div class=\"cvmm-post-content-all-wrapper\">\r\n                        <span class=\"cvmm-post-cats-wrap cvmm-post-meta-item\"><span class=\"cvmm-post-cat cvmm-cat-4\"><a href=\"https:\/\/sah.ba\/index.php\/category\/novosti\/\" target=\"_blank\">Novosti<\/a><\/span><\/span>                        <h2 class=\"cvmm-post-title\">\r\n                            <a href=\"https:\/\/sah.ba\/index.php\/2025\/12\/15\/finale-grand-prix-sahovskog-kluba-gorazde-za-2025-godinu\/\" target=\"_blank\">\r\n                                FINALE &#8220;GRAND PRIX&#8221; \u0160AHOVSKOG KLUBA GORA\u017dDE&#8221; ZA 2025. godinu                            <\/a>\r\n                        <\/h2>\r\n\r\n                        <div class=\"cvmm-post-meta cvmm-meta-icon-show\">\r\n                            <span class=\"cvmm-post-date cvmm-post-meta-item\" itemprop=\"datePublished\"><a href=\"https:\/\/sah.ba\/index.php\/2025\/12\/15\/finale-grand-prix-sahovskog-kluba-gorazde-za-2025-godinu\/\" target=\"_blank\">15 Decembra, 2025<\/a><\/span><span class=\"cvmm-post-author-name cvmm-post-meta-item\" itemprop=\"author\"><a href=\"https:\/\/sah.ba\/index.php\/author\/ssfbih\/\" target=\"_blank\">admin<\/a><\/span>                        <\/div>\r\n                        <div class=\"cvmm-read-more\"><a href=\"https:\/\/sah.ba\/index.php\/2025\/12\/15\/finale-grand-prix-sahovskog-kluba-gorazde-za-2025-godinu\/\" target=\"_blank\">Pro\u010ditajte vi\u0161e<i class=\"fas fa-arrow-right\"><\/i><\/a><\/div>                    <\/div><!-- .cvmm-post-content-all-wrapper -->\r\n                <\/article>\r\n                        <article post-id=\"post-5626\" class=\"cvmm-post post-format--standard\" itemscope itemtype=\"http:\/\/schema.org\/articleBody\">\r\n                                        <div class=\"cvmm-post-thumb\">\r\n                        <a href=\"https:\/\/sah.ba\/index.php\/2025\/12\/08\/sah-za-buducnost\/\" target=\"_blank\" style=\"background: url( https:\/\/sah.ba\/wp-content\/uploads\/2023\/01\/chess-4.jpg ); background-position: center center; background-size: cover\">\r\n                        <\/a>\r\n                    <\/div>\r\n                    \r\n                    <div class=\"cvmm-post-content-all-wrapper\">\r\n                        <span class=\"cvmm-post-cats-wrap cvmm-post-meta-item\"><span class=\"cvmm-post-cat cvmm-cat-4\"><a href=\"https:\/\/sah.ba\/index.php\/category\/novosti\/\" target=\"_blank\">Novosti<\/a><\/span><\/span>                        <h2 class=\"cvmm-post-title\">\r\n                            <a href=\"https:\/\/sah.ba\/index.php\/2025\/12\/08\/sah-za-buducnost\/\" target=\"_blank\">\r\n                                &#8220;\u0160AH ZA BUDU\u0106NOST&#8221;                            <\/a>\r\n                        <\/h2>\r\n\r\n                        <div class=\"cvmm-post-meta cvmm-meta-icon-show\">\r\n                            <span class=\"cvmm-post-date cvmm-post-meta-item\" itemprop=\"datePublished\"><a href=\"https:\/\/sah.ba\/index.php\/2025\/12\/08\/sah-za-buducnost\/\" target=\"_blank\">8 Decembra, 2025<\/a><\/span><span class=\"cvmm-post-author-name cvmm-post-meta-item\" itemprop=\"author\"><a href=\"https:\/\/sah.ba\/index.php\/author\/ssfbih\/\" target=\"_blank\">admin<\/a><\/span>                        <\/div>\r\n                        <div class=\"cvmm-read-more\"><a href=\"https:\/\/sah.ba\/index.php\/2025\/12\/08\/sah-za-buducnost\/\" target=\"_blank\">Pro\u010ditajte vi\u0161e<i class=\"fas fa-arrow-right\"><\/i><\/a><\/div>                    <\/div><!-- .cvmm-post-content-all-wrapper -->\r\n                <\/article>\r\n                        <article post-id=\"post-5615\" class=\"cvmm-post post-format--standard\" itemscope itemtype=\"http:\/\/schema.org\/articleBody\">\r\n                                        <div class=\"cvmm-post-thumb\">\r\n                        <a href=\"https:\/\/sah.ba\/index.php\/2025\/11\/27\/sahovski-turnir-u-povodu-25-novembra-dana-drzavnosti-bih-gorazde-25-novembar-2025\/\" target=\"_blank\" style=\"background: url( https:\/\/sah.ba\/wp-content\/uploads\/2023\/01\/chess-4.jpg ); background-position: center center; background-size: cover\">\r\n                        <\/a>\r\n                    <\/div>\r\n                    \r\n                    <div class=\"cvmm-post-content-all-wrapper\">\r\n                        <span class=\"cvmm-post-cats-wrap cvmm-post-meta-item\"><span class=\"cvmm-post-cat cvmm-cat-4\"><a href=\"https:\/\/sah.ba\/index.php\/category\/novosti\/\" target=\"_blank\">Novosti<\/a><\/span><\/span>                        <h2 class=\"cvmm-post-title\">\r\n                            <a href=\"https:\/\/sah.ba\/index.php\/2025\/11\/27\/sahovski-turnir-u-povodu-25-novembra-dana-drzavnosti-bih-gorazde-25-novembar-2025\/\" target=\"_blank\">\r\n                                \u0160AHOVSKI TURNIR U POVODU 25 NOVEMBRA &#8211; DANA DR\u017dAVNOSTI BiH (Gora\u017ede, 25 novembar 2025)                            <\/a>\r\n                        <\/h2>\r\n\r\n                        <div class=\"cvmm-post-meta cvmm-meta-icon-show\">\r\n                            <span class=\"cvmm-post-date cvmm-post-meta-item\" itemprop=\"datePublished\"><a href=\"https:\/\/sah.ba\/index.php\/2025\/11\/27\/sahovski-turnir-u-povodu-25-novembra-dana-drzavnosti-bih-gorazde-25-novembar-2025\/\" target=\"_blank\">27 Novembra, 2025<\/a><\/span><span class=\"cvmm-post-author-name cvmm-post-meta-item\" itemprop=\"author\"><a href=\"https:\/\/sah.ba\/index.php\/author\/ssfbih\/\" target=\"_blank\">admin<\/a><\/span>                        <\/div>\r\n                        <div class=\"cvmm-read-more\"><a href=\"https:\/\/sah.ba\/index.php\/2025\/11\/27\/sahovski-turnir-u-povodu-25-novembra-dana-drzavnosti-bih-gorazde-25-novembar-2025\/\" target=\"_blank\">Pro\u010ditajte vi\u0161e<i class=\"fas fa-arrow-right\"><\/i><\/a><\/div>                    <\/div><!-- .cvmm-post-content-all-wrapper -->\r\n                <\/article>\r\n            <\/div><!-- .cvmm-slider-post-wrapper -->\r\n    <\/div><!-- .cvmm-slider-block-main-content-wrap -->        <\/div><!-- #wpmagazine-modules-lite-banner-block -->\r\n    \t\t\t\t<\/div>\n\t\t\t\t<\/div>\n\t\t\t\t\t<\/div>\n\t\t<\/div>\n\t\t\t\t\t<\/div>\n\t\t<\/section>\n\t\t\t\t<section class=\"elementor-section elementor-top-section elementor-element elementor-element-f6a20bd elementor-section-boxed elementor-section-height-default elementor-section-height-default\" data-id=\"f6a20bd\" data-element_type=\"section\">\n\t\t\t\t\t\t<div class=\"elementor-container elementor-column-gap-default\">\n\t\t\t\t\t<div class=\"elementor-column elementor-col-100 elementor-top-column elementor-element elementor-element-9afcfa8\" data-id=\"9afcfa8\" data-element_type=\"column\">\n\t\t\t<div class=\"elementor-widget-wrap elementor-element-populated\">\n\t\t\t\t\t\t<div class=\"elementor-element elementor-element-1c5506e elementor-widget elementor-widget-cv-list-blog-post-layout\" data-id=\"1c5506e\" data-element_type=\"widget\" data-widget_type=\"cv-list-blog-post-layout.default\">\n\t\t\t\t<div class=\"elementor-widget-container\">\n\t\t\t\t\t<div id=\"cv-list-post-layout\" class=\"block-1c5506e cv-block cv-block-list--layout-one\"><br \/>\n<b>Warning<\/b>:  Undefined variable $blockTitleAlign in <b>\/var\/www\/vhosts\/sah.ba\/httpdocs\/wp-content\/plugins\/wp-blog-post-layouts\/includes\/src\/list\/element.php<\/b> on line <b>1134<\/b><br \/>\n<h2 class=\"cv-block-title align-- layout--one\"><span>Novosti<\/span><\/h2>    <div class=\"cv-post-wrapper cv-post--imagemargin column--one\">\r\n                        <article post-id=\"post-5770\" class=\"cv-post post-format--standard cv-icon\" itemscope itemtype=\"http:\/\/schema.org\/articleBody\">\r\n                    <div class=\"cv-post-left-wrap\">\r\n                        <div class=\"cv-post-thumb\">\r\n                            <a href=\"https:\/\/sah.ba\/index.php\/2026\/03\/30\/izvjestaj-20-memorijalni-sahovski-turnir-sead-bicevic\/\"><img decoding=\"async\" src=\"https:\/\/sah.ba\/wp-content\/uploads\/2023\/01\/chess-4.jpg\" alt=\"IZVJE\u0160TAJ 20. Memorijalni \u0161ahovski turnir &#8220;Sead Bi\u010devi\u0107&#8221;\"\/><\/a>\r\n                        <\/div>\r\n                    <\/div><!-- .cv-post-left-wrap -->\r\n                    <div class=\"cv-post-right-wrap\">\r\n                        <div class=\"cv-post-cats-wrap\"><span class=\"cv-post-cat\"><a href=\"https:\/\/sah.ba\/index.php\/category\/novosti\/\">Novosti<\/a><\/span><\/div>                        <h2 class=\"cv-post-title\">\r\n                            <a href=\"https:\/\/sah.ba\/index.php\/2026\/03\/30\/izvjestaj-20-memorijalni-sahovski-turnir-sead-bicevic\/\" target=\"_self\">\r\n                                IZVJE\u0160TAJ 20. Memorijalni \u0161ahovski turnir &#8220;Sead Bi\u010devi\u0107&#8221;                            <\/a>\r\n                        <\/h2>\r\n                        <div class=\"cv-post-meta cv-meta-icon-show\">\r\n                            <span class=\"cv-post-date cv-post-meta-item\" itemprop=\"datePublished\"><a href=\"https:\/\/sah.ba\/index.php\/2026\/03\/30\/izvjestaj-20-memorijalni-sahovski-turnir-sead-bicevic\/\">30 Marta, 2026<\/a><\/span><span class=\"cv-post-author-name cv-post-meta-item\" itemprop=\"author\">By:<a href=\"https:\/\/sah.ba\/index.php\/author\/ssfbih\/\">admin<\/a><\/span><span class=\"cv-post-comments-wrap cv-post-meta-item\"><a href=\"https:\/\/sah.ba\/index.php\/2026\/03\/30\/izvjestaj-20-memorijalni-sahovski-turnir-sead-bicevic\/\/#comments\">0<span class=\"cv-comment-txt\">Comments<\/span><\/a><\/span>                        <\/div>\r\n                        <div class=\"cv-post-content\" itemprop=\"description\">Pobjednik 20. Memorijalnog \u0161ahovskog turnira &#8220;Sead Bi\u010devi\u0107&#8221; koji je odr\u017ean danas u Gora\u017edu je (po&hellip;<\/div>                        <div class=\"cv-read-more\"><a href=https:\/\/sah.ba\/index.php\/2026\/03\/30\/izvjestaj-20-memorijalni-sahovski-turnir-sead-bicevic\/>Pro\u010ditajte vi\u0161e<i class=\"fas fa-arrow-right\"><\/i><\/a><\/div>                    <\/div><!-- .cv-post-right-wrap -->\r\n                <\/article>\r\n                        <article post-id=\"post-5761\" class=\"cv-post post-format--standard cv-icon\" itemscope itemtype=\"http:\/\/schema.org\/articleBody\">\r\n                    <div class=\"cv-post-left-wrap\">\r\n                        <div class=\"cv-post-thumb\">\r\n                            <a href=\"https:\/\/sah.ba\/index.php\/2026\/03\/21\/odrzan-62-bajramski-sahovski-turnir-u-gorazdu\/\"><img decoding=\"async\" src=\"https:\/\/sah.ba\/wp-content\/uploads\/2023\/01\/chess-4.jpg\" alt=\"ODR\u017dAN 62. BAJRAMSKI \u0160AHOVSKI TURNIR U GORA\u017dDU\"\/><\/a>\r\n                        <\/div>\r\n                    <\/div><!-- .cv-post-left-wrap -->\r\n                    <div class=\"cv-post-right-wrap\">\r\n                        <div class=\"cv-post-cats-wrap\"><span class=\"cv-post-cat\"><a href=\"https:\/\/sah.ba\/index.php\/category\/novosti\/\">Novosti<\/a><\/span><\/div>                        <h2 class=\"cv-post-title\">\r\n                            <a href=\"https:\/\/sah.ba\/index.php\/2026\/03\/21\/odrzan-62-bajramski-sahovski-turnir-u-gorazdu\/\" target=\"_self\">\r\n                                ODR\u017dAN 62. BAJRAMSKI \u0160AHOVSKI TURNIR U GORA\u017dDU                            <\/a>\r\n                        <\/h2>\r\n                        <div class=\"cv-post-meta cv-meta-icon-show\">\r\n                            <span class=\"cv-post-date cv-post-meta-item\" itemprop=\"datePublished\"><a href=\"https:\/\/sah.ba\/index.php\/2026\/03\/21\/odrzan-62-bajramski-sahovski-turnir-u-gorazdu\/\">21 Marta, 2026<\/a><\/span><span class=\"cv-post-author-name cv-post-meta-item\" itemprop=\"author\">By:<a href=\"https:\/\/sah.ba\/index.php\/author\/ssfbih\/\">admin<\/a><\/span><span class=\"cv-post-comments-wrap cv-post-meta-item\"><a href=\"https:\/\/sah.ba\/index.php\/2026\/03\/21\/odrzan-62-bajramski-sahovski-turnir-u-gorazdu\/\/#comments\">0<span class=\"cv-comment-txt\">Comments<\/span><\/a><\/span>                        <\/div>\r\n                        <div class=\"cv-post-content\" itemprop=\"description\">U Gora\u017edu je danas u prekrasnom ambijentu Hotela &#8220;Behar&#8221; u organizaciji \u0160ahovskog kluba &#8220;Gora\u017ede&#8221; odr\u017ean&hellip;<\/div>                        <div class=\"cv-read-more\"><a href=https:\/\/sah.ba\/index.php\/2026\/03\/21\/odrzan-62-bajramski-sahovski-turnir-u-gorazdu\/>Pro\u010ditajte vi\u0161e<i class=\"fas fa-arrow-right\"><\/i><\/a><\/div>                    <\/div><!-- .cv-post-right-wrap -->\r\n                <\/article>\r\n                        <article post-id=\"post-5742\" class=\"cv-post post-format--standard cv-icon\" itemscope itemtype=\"http:\/\/schema.org\/articleBody\">\r\n                    <div class=\"cv-post-left-wrap\">\r\n                        <div class=\"cv-post-thumb\">\r\n                            <a href=\"https:\/\/sah.ba\/index.php\/2026\/03\/11\/obavijest-sudijama-ssfbih-o-uplati-sudijske-takse-za-2026-godinu\/\"><img decoding=\"async\" src=\"https:\/\/sah.ba\/wp-content\/uploads\/2023\/04\/SSFBiH-logo-1.png\" alt=\"Obavijest sudijama \u0160SFBiH o uplati sudijske takse za 2026. godinu\"\/><\/a>\r\n                        <\/div>\r\n                    <\/div><!-- .cv-post-left-wrap -->\r\n                    <div class=\"cv-post-right-wrap\">\r\n                        <div class=\"cv-post-cats-wrap\"><span class=\"cv-post-cat\"><a href=\"https:\/\/sah.ba\/index.php\/category\/novosti\/\">Novosti<\/a><\/span><\/div>                        <h2 class=\"cv-post-title\">\r\n                            <a href=\"https:\/\/sah.ba\/index.php\/2026\/03\/11\/obavijest-sudijama-ssfbih-o-uplati-sudijske-takse-za-2026-godinu\/\" target=\"_self\">\r\n                                Obavijest sudijama \u0160SFBiH o uplati sudijske takse za 2026. godinu                            <\/a>\r\n                        <\/h2>\r\n                        <div class=\"cv-post-meta cv-meta-icon-show\">\r\n                            <span class=\"cv-post-date cv-post-meta-item\" itemprop=\"datePublished\"><a href=\"https:\/\/sah.ba\/index.php\/2026\/03\/11\/obavijest-sudijama-ssfbih-o-uplati-sudijske-takse-za-2026-godinu\/\">11 Marta, 2026<\/a><\/span><span class=\"cv-post-author-name cv-post-meta-item\" itemprop=\"author\">By:<a href=\"https:\/\/sah.ba\/index.php\/author\/ssfbih\/\">admin<\/a><\/span><span class=\"cv-post-comments-wrap cv-post-meta-item\"><a href=\"https:\/\/sah.ba\/index.php\/2026\/03\/11\/obavijest-sudijama-ssfbih-o-uplati-sudijske-takse-za-2026-godinu\/\/#comments\">0<span class=\"cv-comment-txt\">Comments<\/span><\/a><\/span>                        <\/div>\r\n                        <div class=\"cv-post-content\" itemprop=\"description\">Obavje\u0161tavaju se sve registrirane sudije \u0160ahovskog saveza Federacije Bosne i Hercegovine da \u0107e se redovno&hellip;<\/div>                        <div class=\"cv-read-more\"><a href=https:\/\/sah.ba\/index.php\/2026\/03\/11\/obavijest-sudijama-ssfbih-o-uplati-sudijske-takse-za-2026-godinu\/>Pro\u010ditajte vi\u0161e<i class=\"fas fa-arrow-right\"><\/i><\/a><\/div>                    <\/div><!-- .cv-post-right-wrap -->\r\n                <\/article>\r\n                        <article post-id=\"post-5723\" class=\"cv-post post-format--standard cv-icon\" itemscope itemtype=\"http:\/\/schema.org\/articleBody\">\r\n                    <div class=\"cv-post-left-wrap\">\r\n                        <div class=\"cv-post-thumb\">\r\n                            <a href=\"https:\/\/sah.ba\/index.php\/2026\/03\/02\/tradicionalni-sahovski-turnir-u-povodu-dana-nezavisnosti-bosne-i-hercegovine\/\"><img decoding=\"async\" src=\"https:\/\/sah.ba\/wp-content\/uploads\/2023\/01\/chess-4.jpg\" alt=\"Tradicionalni \u0161ahovski turnir u povodu Dana nezavisnosti Bosne i Hercegovine\"\/><\/a>\r\n                        <\/div>\r\n                    <\/div><!-- .cv-post-left-wrap -->\r\n                    <div class=\"cv-post-right-wrap\">\r\n                        <div class=\"cv-post-cats-wrap\"><span class=\"cv-post-cat\"><a href=\"https:\/\/sah.ba\/index.php\/category\/novosti\/\">Novosti<\/a><\/span><\/div>                        <h2 class=\"cv-post-title\">\r\n                            <a href=\"https:\/\/sah.ba\/index.php\/2026\/03\/02\/tradicionalni-sahovski-turnir-u-povodu-dana-nezavisnosti-bosne-i-hercegovine\/\" target=\"_self\">\r\n                                Tradicionalni \u0161ahovski turnir u povodu Dana nezavisnosti Bosne i Hercegovine                            <\/a>\r\n                        <\/h2>\r\n                        <div class=\"cv-post-meta cv-meta-icon-show\">\r\n                            <span class=\"cv-post-date cv-post-meta-item\" itemprop=\"datePublished\"><a href=\"https:\/\/sah.ba\/index.php\/2026\/03\/02\/tradicionalni-sahovski-turnir-u-povodu-dana-nezavisnosti-bosne-i-hercegovine\/\">2 Marta, 2026<\/a><\/span><span class=\"cv-post-author-name cv-post-meta-item\" itemprop=\"author\">By:<a href=\"https:\/\/sah.ba\/index.php\/author\/ssfbih\/\">admin<\/a><\/span><span class=\"cv-post-comments-wrap cv-post-meta-item\"><a href=\"https:\/\/sah.ba\/index.php\/2026\/03\/02\/tradicionalni-sahovski-turnir-u-povodu-dana-nezavisnosti-bosne-i-hercegovine\/\/#comments\">0<span class=\"cv-comment-txt\">Comments<\/span><\/a><\/span>                        <\/div>\r\n                        <div class=\"cv-post-content\" itemprop=\"description\">(Gora\u017ede, 1 mart 2026. godine) FIDE MAJSTOR EFIM MURATOVI\u0106 POBJEDNIK U sklopu Programa obilje\u017eavanja 1.&hellip;<\/div>                        <div class=\"cv-read-more\"><a href=https:\/\/sah.ba\/index.php\/2026\/03\/02\/tradicionalni-sahovski-turnir-u-povodu-dana-nezavisnosti-bosne-i-hercegovine\/>Pro\u010ditajte vi\u0161e<i class=\"fas fa-arrow-right\"><\/i><\/a><\/div>                    <\/div><!-- .cv-post-right-wrap -->\r\n                <\/article>\r\n                        <article post-id=\"post-5717\" class=\"cv-post post-format--standard cv-icon\" itemscope itemtype=\"http:\/\/schema.org\/articleBody\">\r\n                    <div class=\"cv-post-left-wrap\">\r\n                        <div class=\"cv-post-thumb\">\r\n                            <a href=\"https:\/\/sah.ba\/index.php\/2026\/03\/01\/prolongirani-javni-pozivi-oko-organizacije-takmicenja-na-nivou-sahovskog-saveza-federacije-bosne-i-hercegovine-za-2026-godinu\/\"><img decoding=\"async\" src=\"https:\/\/sah.ba\/wp-content\/uploads\/2023\/04\/SSFBiH-logo.png\" alt=\"Prolongirani Javni pozivi oko organizacije takmi\u010denja na nivou \u0160ahovskog saveza Federacije Bosne i Hercegovine za 2026. godinu\"\/><\/a>\r\n                        <\/div>\r\n                    <\/div><!-- .cv-post-left-wrap -->\r\n                    <div class=\"cv-post-right-wrap\">\r\n                        <div class=\"cv-post-cats-wrap\"><span class=\"cv-post-cat\"><a href=\"https:\/\/sah.ba\/index.php\/category\/novosti\/\">Novosti<\/a><\/span><\/div>                        <h2 class=\"cv-post-title\">\r\n                            <a href=\"https:\/\/sah.ba\/index.php\/2026\/03\/01\/prolongirani-javni-pozivi-oko-organizacije-takmicenja-na-nivou-sahovskog-saveza-federacije-bosne-i-hercegovine-za-2026-godinu\/\" target=\"_self\">\r\n                                Prolongirani Javni pozivi oko organizacije takmi\u010denja na nivou \u0160ahovskog saveza Federacije Bosne i Hercegovine za 2026. godinu                            <\/a>\r\n                        <\/h2>\r\n                        <div class=\"cv-post-meta cv-meta-icon-show\">\r\n                            <span class=\"cv-post-date cv-post-meta-item\" itemprop=\"datePublished\"><a href=\"https:\/\/sah.ba\/index.php\/2026\/03\/01\/prolongirani-javni-pozivi-oko-organizacije-takmicenja-na-nivou-sahovskog-saveza-federacije-bosne-i-hercegovine-za-2026-godinu\/\">1 Marta, 2026<\/a><\/span><span class=\"cv-post-author-name cv-post-meta-item\" itemprop=\"author\">By:<a href=\"https:\/\/sah.ba\/index.php\/author\/ssfbih\/\">admin<\/a><\/span><span class=\"cv-post-comments-wrap cv-post-meta-item\"><a href=\"https:\/\/sah.ba\/index.php\/2026\/03\/01\/prolongirani-javni-pozivi-oko-organizacije-takmicenja-na-nivou-sahovskog-saveza-federacije-bosne-i-hercegovine-za-2026-godinu\/\/#comments\">0<span class=\"cv-comment-txt\">Comments<\/span><\/a><\/span>                        <\/div>\r\n                        <div class=\"cv-post-content\" itemprop=\"description\">Po\u0161tovani, Do 10. marta 2026. godine su prolongirani Javni pozivi oko organizacije turnira na nivou&hellip;<\/div>                        <div class=\"cv-read-more\"><a href=https:\/\/sah.ba\/index.php\/2026\/03\/01\/prolongirani-javni-pozivi-oko-organizacije-takmicenja-na-nivou-sahovskog-saveza-federacije-bosne-i-hercegovine-za-2026-godinu\/>Pro\u010ditajte vi\u0161e<i class=\"fas fa-arrow-right\"><\/i><\/a><\/div>                    <\/div><!-- .cv-post-right-wrap -->\r\n                <\/article>\r\n                        <article post-id=\"post-5651\" class=\"cv-post post-format--standard cv-icon\" itemscope itemtype=\"http:\/\/schema.org\/articleBody\">\r\n                    <div class=\"cv-post-left-wrap\">\r\n                        <div class=\"cv-post-thumb\">\r\n                            <a href=\"https:\/\/sah.ba\/index.php\/2026\/01\/13\/javni-pozivi-oko-organizacije-takmicenja-na-nivou-sahovskog-saveza-federacije-bosne-i-hercegovine-za-2026-godinu\/\"><img decoding=\"async\" src=\"https:\/\/sah.ba\/wp-content\/uploads\/2023\/04\/SSFBiH-logo-1.png\" alt=\"Javni pozivi oko organizacije takmi\u010denja na nivou \u0160ahovskog saveza Federacije Bosne i Hercegovine za 2026. godinu\"\/><\/a>\r\n                        <\/div>\r\n                    <\/div><!-- .cv-post-left-wrap -->\r\n                    <div class=\"cv-post-right-wrap\">\r\n                        <div class=\"cv-post-cats-wrap\"><span class=\"cv-post-cat\"><a href=\"https:\/\/sah.ba\/index.php\/category\/novosti\/\">Novosti<\/a><\/span><\/div>                        <h2 class=\"cv-post-title\">\r\n                            <a href=\"https:\/\/sah.ba\/index.php\/2026\/01\/13\/javni-pozivi-oko-organizacije-takmicenja-na-nivou-sahovskog-saveza-federacije-bosne-i-hercegovine-za-2026-godinu\/\" target=\"_self\">\r\n                                Javni pozivi oko organizacije takmi\u010denja na nivou \u0160ahovskog saveza Federacije Bosne i Hercegovine za 2026. godinu                            <\/a>\r\n                        <\/h2>\r\n                        <div class=\"cv-post-meta cv-meta-icon-show\">\r\n                            <span class=\"cv-post-date cv-post-meta-item\" itemprop=\"datePublished\"><a href=\"https:\/\/sah.ba\/index.php\/2026\/01\/13\/javni-pozivi-oko-organizacije-takmicenja-na-nivou-sahovskog-saveza-federacije-bosne-i-hercegovine-za-2026-godinu\/\">13 Januara, 2026<\/a><\/span><span class=\"cv-post-author-name cv-post-meta-item\" itemprop=\"author\">By:<a href=\"https:\/\/sah.ba\/index.php\/author\/ssfbih\/\">admin<\/a><\/span><span class=\"cv-post-comments-wrap cv-post-meta-item\"><a href=\"https:\/\/sah.ba\/index.php\/2026\/01\/13\/javni-pozivi-oko-organizacije-takmicenja-na-nivou-sahovskog-saveza-federacije-bosne-i-hercegovine-za-2026-godinu\/\/#comments\">0<span class=\"cv-comment-txt\">Comments<\/span><\/a><\/span>                        <\/div>\r\n                        <div class=\"cv-post-content\" itemprop=\"description\">Po\u0161tovani, U prilogu vam dostavljamo javne pozive oko organizacije takmi\u010denja na nivou \u0160ahovskog saveza Federacije&hellip;<\/div>                        <div class=\"cv-read-more\"><a href=https:\/\/sah.ba\/index.php\/2026\/01\/13\/javni-pozivi-oko-organizacije-takmicenja-na-nivou-sahovskog-saveza-federacije-bosne-i-hercegovine-za-2026-godinu\/>Pro\u010ditajte vi\u0161e<i class=\"fas fa-arrow-right\"><\/i><\/a><\/div>                    <\/div><!-- .cv-post-right-wrap -->\r\n                <\/article>\r\n                        <article post-id=\"post-5634\" class=\"cv-post post-format--standard cv-icon\" itemscope itemtype=\"http:\/\/schema.org\/articleBody\">\r\n                    <div class=\"cv-post-left-wrap\">\r\n                        <div class=\"cv-post-thumb\">\r\n                            <a href=\"https:\/\/sah.ba\/index.php\/2025\/12\/23\/odrzan-2-memorijalni-sahovski-turnir-sjecanje-na-prekinutu-mladost-u-gradaccu\/\"><img decoding=\"async\" src=\"https:\/\/sah.ba\/wp-content\/uploads\/2023\/01\/chess-4.jpg\" alt=\"Odr\u017ean 2. memorijalni \u0161ahovski turnir \u201eSje\u0107anje na prekinutu mladost\u201c u Grada\u010dcu\"\/><\/a>\r\n                        <\/div>\r\n                    <\/div><!-- .cv-post-left-wrap -->\r\n                    <div class=\"cv-post-right-wrap\">\r\n                        <div class=\"cv-post-cats-wrap\"><span class=\"cv-post-cat\"><a href=\"https:\/\/sah.ba\/index.php\/category\/novosti\/\">Novosti<\/a><\/span><\/div>                        <h2 class=\"cv-post-title\">\r\n                            <a href=\"https:\/\/sah.ba\/index.php\/2025\/12\/23\/odrzan-2-memorijalni-sahovski-turnir-sjecanje-na-prekinutu-mladost-u-gradaccu\/\" target=\"_self\">\r\n                                Odr\u017ean 2. memorijalni \u0161ahovski turnir \u201eSje\u0107anje na prekinutu mladost\u201c u Grada\u010dcu                            <\/a>\r\n                        <\/h2>\r\n                        <div class=\"cv-post-meta cv-meta-icon-show\">\r\n                            <span class=\"cv-post-date cv-post-meta-item\" itemprop=\"datePublished\"><a href=\"https:\/\/sah.ba\/index.php\/2025\/12\/23\/odrzan-2-memorijalni-sahovski-turnir-sjecanje-na-prekinutu-mladost-u-gradaccu\/\">23 Decembra, 2025<\/a><\/span><span class=\"cv-post-author-name cv-post-meta-item\" itemprop=\"author\">By:<a href=\"https:\/\/sah.ba\/index.php\/author\/ssfbih\/\">admin<\/a><\/span><span class=\"cv-post-comments-wrap cv-post-meta-item\"><a href=\"https:\/\/sah.ba\/index.php\/2025\/12\/23\/odrzan-2-memorijalni-sahovski-turnir-sjecanje-na-prekinutu-mladost-u-gradaccu\/\/#comments\">0<span class=\"cv-comment-txt\">Comments<\/span><\/a><\/span>                        <\/div>\r\n                        <div class=\"cv-post-content\" itemprop=\"description\">U Grada\u010dcu je odr\u017ean 2. memorijalni \u0161ahovski turnir \u201eSje\u0107anje na prekinutu mladost\u201c, koji je i&hellip;<\/div>                        <div class=\"cv-read-more\"><a href=https:\/\/sah.ba\/index.php\/2025\/12\/23\/odrzan-2-memorijalni-sahovski-turnir-sjecanje-na-prekinutu-mladost-u-gradaccu\/>Pro\u010ditajte vi\u0161e<i class=\"fas fa-arrow-right\"><\/i><\/a><\/div>                    <\/div><!-- .cv-post-right-wrap -->\r\n                <\/article>\r\n                        <article post-id=\"post-5630\" class=\"cv-post post-format--standard cv-icon\" itemscope itemtype=\"http:\/\/schema.org\/articleBody\">\r\n                    <div class=\"cv-post-left-wrap\">\r\n                        <div class=\"cv-post-thumb\">\r\n                            <a href=\"https:\/\/sah.ba\/index.php\/2025\/12\/15\/finale-grand-prix-sahovskog-kluba-gorazde-za-2025-godinu\/\"><img decoding=\"async\" src=\"https:\/\/sah.ba\/wp-content\/uploads\/2023\/01\/chess-4.jpg\" alt=\"FINALE &#8220;GRAND PRIX&#8221; \u0160AHOVSKOG KLUBA GORA\u017dDE&#8221; ZA 2025. godinu\"\/><\/a>\r\n                        <\/div>\r\n                    <\/div><!-- .cv-post-left-wrap -->\r\n                    <div class=\"cv-post-right-wrap\">\r\n                        <div class=\"cv-post-cats-wrap\"><span class=\"cv-post-cat\"><a href=\"https:\/\/sah.ba\/index.php\/category\/novosti\/\">Novosti<\/a><\/span><\/div>                        <h2 class=\"cv-post-title\">\r\n                            <a href=\"https:\/\/sah.ba\/index.php\/2025\/12\/15\/finale-grand-prix-sahovskog-kluba-gorazde-za-2025-godinu\/\" target=\"_self\">\r\n                                FINALE &#8220;GRAND PRIX&#8221; \u0160AHOVSKOG KLUBA GORA\u017dDE&#8221; ZA 2025. godinu                            <\/a>\r\n                        <\/h2>\r\n                        <div class=\"cv-post-meta cv-meta-icon-show\">\r\n                            <span class=\"cv-post-date cv-post-meta-item\" itemprop=\"datePublished\"><a href=\"https:\/\/sah.ba\/index.php\/2025\/12\/15\/finale-grand-prix-sahovskog-kluba-gorazde-za-2025-godinu\/\">15 Decembra, 2025<\/a><\/span><span class=\"cv-post-author-name cv-post-meta-item\" itemprop=\"author\">By:<a href=\"https:\/\/sah.ba\/index.php\/author\/ssfbih\/\">admin<\/a><\/span><span class=\"cv-post-comments-wrap cv-post-meta-item\"><a href=\"https:\/\/sah.ba\/index.php\/2025\/12\/15\/finale-grand-prix-sahovskog-kluba-gorazde-za-2025-godinu\/\/#comments\">0<span class=\"cv-comment-txt\">Comments<\/span><\/a><\/span>                        <\/div>\r\n                        <div class=\"cv-post-content\" itemprop=\"description\">FIDE MAJSTOR STAVNJAK POBJEDNIK !!! Nakon \u0161est kvalifikacionih turnira danas je u prekrasnom ambijentu Hotela&hellip;<\/div>                        <div class=\"cv-read-more\"><a href=https:\/\/sah.ba\/index.php\/2025\/12\/15\/finale-grand-prix-sahovskog-kluba-gorazde-za-2025-godinu\/>Pro\u010ditajte vi\u0161e<i class=\"fas fa-arrow-right\"><\/i><\/a><\/div>                    <\/div><!-- .cv-post-right-wrap -->\r\n                <\/article>\r\n                        <article post-id=\"post-5626\" class=\"cv-post post-format--standard cv-icon\" itemscope itemtype=\"http:\/\/schema.org\/articleBody\">\r\n                    <div class=\"cv-post-left-wrap\">\r\n                        <div class=\"cv-post-thumb\">\r\n                            <a href=\"https:\/\/sah.ba\/index.php\/2025\/12\/08\/sah-za-buducnost\/\"><img decoding=\"async\" src=\"https:\/\/sah.ba\/wp-content\/uploads\/2023\/01\/chess-4.jpg\" alt=\"&#8220;\u0160AH ZA BUDU\u0106NOST&#8221;\"\/><\/a>\r\n                        <\/div>\r\n                    <\/div><!-- .cv-post-left-wrap -->\r\n                    <div class=\"cv-post-right-wrap\">\r\n                        <div class=\"cv-post-cats-wrap\"><span class=\"cv-post-cat\"><a href=\"https:\/\/sah.ba\/index.php\/category\/novosti\/\">Novosti<\/a><\/span><\/div>                        <h2 class=\"cv-post-title\">\r\n                            <a href=\"https:\/\/sah.ba\/index.php\/2025\/12\/08\/sah-za-buducnost\/\" target=\"_self\">\r\n                                &#8220;\u0160AH ZA BUDU\u0106NOST&#8221;                            <\/a>\r\n                        <\/h2>\r\n                        <div class=\"cv-post-meta cv-meta-icon-show\">\r\n                            <span class=\"cv-post-date cv-post-meta-item\" itemprop=\"datePublished\"><a href=\"https:\/\/sah.ba\/index.php\/2025\/12\/08\/sah-za-buducnost\/\">8 Decembra, 2025<\/a><\/span><span class=\"cv-post-author-name cv-post-meta-item\" itemprop=\"author\">By:<a href=\"https:\/\/sah.ba\/index.php\/author\/ssfbih\/\">admin<\/a><\/span><span class=\"cv-post-comments-wrap cv-post-meta-item\"><a href=\"https:\/\/sah.ba\/index.php\/2025\/12\/08\/sah-za-buducnost\/\/#comments\">0<span class=\"cv-comment-txt\">Comments<\/span><\/a><\/span>                        <\/div>\r\n                        <div class=\"cv-post-content\" itemprop=\"description\">U okviru Projekta &#8220;\u0160AH ZA BUDU\u0106NOST&#8221; koji je podr\u017eao Grad Gora\u017ede ju\u010der je u prekrasnom&hellip;<\/div>                        <div class=\"cv-read-more\"><a href=https:\/\/sah.ba\/index.php\/2025\/12\/08\/sah-za-buducnost\/>Pro\u010ditajte vi\u0161e<i class=\"fas fa-arrow-right\"><\/i><\/a><\/div>                    <\/div><!-- .cv-post-right-wrap -->\r\n                <\/article>\r\n                        <article post-id=\"post-5615\" class=\"cv-post post-format--standard cv-icon\" itemscope itemtype=\"http:\/\/schema.org\/articleBody\">\r\n                    <div class=\"cv-post-left-wrap\">\r\n                        <div class=\"cv-post-thumb\">\r\n                            <a href=\"https:\/\/sah.ba\/index.php\/2025\/11\/27\/sahovski-turnir-u-povodu-25-novembra-dana-drzavnosti-bih-gorazde-25-novembar-2025\/\"><img decoding=\"async\" src=\"https:\/\/sah.ba\/wp-content\/uploads\/2023\/01\/chess-4.jpg\" alt=\"\u0160AHOVSKI TURNIR U POVODU 25 NOVEMBRA &#8211; DANA DR\u017dAVNOSTI BiH (Gora\u017ede, 25 novembar 2025)\"\/><\/a>\r\n                        <\/div>\r\n                    <\/div><!-- .cv-post-left-wrap -->\r\n                    <div class=\"cv-post-right-wrap\">\r\n                        <div class=\"cv-post-cats-wrap\"><span class=\"cv-post-cat\"><a href=\"https:\/\/sah.ba\/index.php\/category\/novosti\/\">Novosti<\/a><\/span><\/div>                        <h2 class=\"cv-post-title\">\r\n                            <a href=\"https:\/\/sah.ba\/index.php\/2025\/11\/27\/sahovski-turnir-u-povodu-25-novembra-dana-drzavnosti-bih-gorazde-25-novembar-2025\/\" target=\"_self\">\r\n                                \u0160AHOVSKI TURNIR U POVODU 25 NOVEMBRA &#8211; DANA DR\u017dAVNOSTI BiH (Gora\u017ede, 25 novembar 2025)                            <\/a>\r\n                        <\/h2>\r\n                        <div class=\"cv-post-meta cv-meta-icon-show\">\r\n                            <span class=\"cv-post-date cv-post-meta-item\" itemprop=\"datePublished\"><a href=\"https:\/\/sah.ba\/index.php\/2025\/11\/27\/sahovski-turnir-u-povodu-25-novembra-dana-drzavnosti-bih-gorazde-25-novembar-2025\/\">27 Novembra, 2025<\/a><\/span><span class=\"cv-post-author-name cv-post-meta-item\" itemprop=\"author\">By:<a href=\"https:\/\/sah.ba\/index.php\/author\/ssfbih\/\">admin<\/a><\/span><span class=\"cv-post-comments-wrap cv-post-meta-item\"><a href=\"https:\/\/sah.ba\/index.php\/2025\/11\/27\/sahovski-turnir-u-povodu-25-novembra-dana-drzavnosti-bih-gorazde-25-novembar-2025\/\/#comments\">0<span class=\"cv-comment-txt\">Comments<\/span><\/a><\/span>                        <\/div>\r\n                        <div class=\"cv-post-content\" itemprop=\"description\">MAJSTORSKI KANDIDAT D\u017dEMAL HAJVAZ POBJEDNIK ! U sklopu Programa obilje\u017eavanja 25. novembra \u2013 Dana Dr\u017eavnosti&hellip;<\/div>                        <div class=\"cv-read-more\"><a href=https:\/\/sah.ba\/index.php\/2025\/11\/27\/sahovski-turnir-u-povodu-25-novembra-dana-drzavnosti-bih-gorazde-25-novembar-2025\/>Pro\u010ditajte vi\u0161e<i class=\"fas fa-arrow-right\"><\/i><\/a><\/div>                    <\/div><!-- .cv-post-right-wrap -->\r\n                <\/article>\r\n            <\/div><\/div>\t\t\t\t<\/div>\n\t\t\t\t<\/div>\n\t\t\t\t\t<\/div>\n\t\t<\/div>\n\t\t\t\t\t<\/div>\n\t\t<\/section>\n\t\t\t\t<section class=\"elementor-section elementor-top-section elementor-element elementor-element-7c54dff elementor-section-boxed elementor-section-height-default elementor-section-height-default\" data-id=\"7c54dff\" data-element_type=\"section\">\n\t\t\t\t\t\t<div class=\"elementor-container elementor-column-gap-default\">\n\t\t\t\t\t<div class=\"elementor-column elementor-col-100 elementor-top-column elementor-element elementor-element-3f3594a\" data-id=\"3f3594a\" data-element_type=\"column\">\n\t\t\t<div class=\"elementor-widget-wrap\">\n\t\t\t\t\t\t\t<\/div>\n\t\t<\/div>\n\t\t\t\t\t<\/div>\n\t\t<\/section>\n\t\t\t\t<\/div>\n\t\t","protected":false},"excerpt":{"rendered":"<p>SPONZORI: Kalendar takmi\u010denja \u0160SFBiH za 2026. godinu Registracija klubova za 2026. godinu Pravilnik o uslovima i nastupu takmi\u010dara, kotizaciji i registraciji klubova Obavijest o pla\u0107enoj sudijskoj taksi za 2026. godinu [&hellip;]<\/p>\n","protected":false},"author":1,"featured_media":0,"parent":0,"menu_order":0,"comment_status":"closed","ping_status":"closed","template":"","meta":{"footnotes":""},"class_list":["post-779","page","type-page","status-publish","hentry"],"blog_post_layout_featured_media_urls":{"thumbnail":"","full":""},"categories_names":null,"comments_number":0,"wpmagazine_modules_lite_featured_media_urls":{"thumbnail":"","cvmm-medium":"","cvmm-medium-plus":"","cvmm-portrait":"","cvmm-medium-square":"","cvmm-large":"","cvmm-small":"","full":""},"_links":{"self":[{"href":"https:\/\/sah.ba\/index.php\/wp-json\/wp\/v2\/pages\/779","targetHints":{"allow":["GET"]}}],"collection":[{"href":"https:\/\/sah.ba\/index.php\/wp-json\/wp\/v2\/pages"}],"about":[{"href":"https:\/\/sah.ba\/index.php\/wp-json\/wp\/v2\/types\/page"}],"author":[{"embeddable":true,"href":"https:\/\/sah.ba\/index.php\/wp-json\/wp\/v2\/users\/1"}],"replies":[{"embeddable":true,"href":"https:\/\/sah.ba\/index.php\/wp-json\/wp\/v2\/comments?post=779"}],"version-history":[{"count":105,"href":"https:\/\/sah.ba\/index.php\/wp-json\/wp\/v2\/pages\/779\/revisions"}],"predecessor-version":[{"id":5788,"href":"https:\/\/sah.ba\/index.php\/wp-json\/wp\/v2\/pages\/779\/revisions\/5788"}],"wp:attachment":[{"href":"https:\/\/sah.ba\/index.php\/wp-json\/wp\/v2\/media?parent=779"}],"curies":[{"name":"wp","href":"https:\/\/api.w.org\/{rel}","templated":true}]}}